{"id":11856,"date":"2022-03-15T08:38:09","date_gmt":"2022-03-15T07:38:09","guid":{"rendered":"https:\/\/fotovision.dyndns.org\/?page_id=11856"},"modified":"2022-03-24T08:18:34","modified_gmt":"2022-03-24T07:18:34","slug":"adatvedelmi-iranyelvek","status":"publish","type":"page","link":"https:\/\/fotovision.eu\/en\/adatvedelmi-iranyelvek\/","title":{"rendered":"Privacy policy"},"content":{"rendered":"\t\t<div data-elementor-type=\"wp-page\" data-elementor-id=\"11856\" class=\"elementor elementor-11856\" data-elementor-post-type=\"page\">\n\t\t\t\t\t\t<section class=\"elementor-section elementor-top-section elementor-element elementor-element-79af4deb elementor-section-boxed elementor-section-height-default elementor-section-height-default\" data-id=\"79af4deb\" data-element_type=\"section\" data-e-type=\"section\">\n\t\t\t\t\t\t<div class=\"elementor-container elementor-column-gap-default\">\n\t\t\t\t\t<div class=\"elementor-column elementor-col-100 elementor-top-column elementor-element elementor-element-7c4ffce0\" data-id=\"7c4ffce0\" data-element_type=\"column\" data-e-type=\"column\">\n\t\t\t<div class=\"elementor-widget-wrap elementor-element-populated\">\n\t\t\t\t\t\t<div class=\"elementor-element elementor-element-7e3484a2 elementor-widget elementor-widget-text-editor\" data-id=\"7e3484a2\" data-element_type=\"widget\" data-e-type=\"widget\" data-widget_type=\"text-editor.default\">\n\t\t\t\t<div class=\"elementor-widget-container\">\n\t\t\t\t\t\t\t\t\t\n<p><strong>Adatv\u00e9delmi \u00e9s adatkezel\u00e9si t\u00e1j\u00e9koztat\u00f3<\/strong><\/p>\n<p><strong>Hat\u00e1lyos: 2018.05.25. napj\u00e1t\u00f3l<\/strong><\/p>\n<ol start=\"1\" type=\"I\">\n<li><strong>Bevezet\u00e9s<\/strong><\/li>\n<\/ol>\n<p>A\u00a0<strong>FOTO Rekl\u00e1m\u00fcgyn\u00f6ks\u00e9g Kft.<\/strong>\u00a0(a tov\u00e1bbiakban: Szolg\u00e1ltat\u00f3, Adatkezel\u0151) a\u00a0<u>www.fotovision.eu<\/u>\u00a0(a tov\u00e1bbiakban egy\u00fcttesen: Honlap) domain neveken el\u00e9rhet\u0151 honlapjainak c\u00e9lja, hogy a nemt\u0151l, kort\u00f3l f\u00fcggetlen\u00fcl, t\u00e1mogassa a k\u00fcl\u00f6nb\u00f6z\u0151 alakform\u00e1l\u00e1ssal \u00e9s eg\u00e9szs\u00e9gmeg\u00f6rz\u00e9ssel kapcsolatos c\u00e9lkit\u0171z\u00e9seiket, tov\u00e1bb\u00e1 az ezzel kapcsolatos term\u00e9kek \u00e9rt\u00e9kes\u00edt\u00e9s\u00e9re.<\/p>\n<p>A Szolg\u00e1ltat\u00f3nak a Honlapra vonatkoz\u00f3 adatv\u00e9delmi t\u00e1j\u00e9koztat\u00f3ja folyamatosan el\u00e9rhet\u0151 a\u00a0<u>f\u0151oldalr\u00f3l<\/u>.<\/p>\n<p>Az adatok kezel\u00e9s\u00e9vel \u00f6sszef\u00fcgg\u00e9sben Szolg\u00e1ltat\u00f3 mint adatkezel\u0151 ez\u00faton t\u00e1j\u00e9koztatja a Honlapot ig\u00e9nybe vev\u0151 felhaszn\u00e1l\u00f3kat a Honlapon \u00e1ltala kezelt szem\u00e9lyes adatokr\u00f3l, a szem\u00e9lyes adatok kezel\u00e9se k\u00f6r\u00e9ben k\u00f6vetett elveir\u0151l \u00e9s gyakorlat\u00e1r\u00f3l, a szem\u00e9lyes adatok v\u00e9delme \u00e9rdek\u00e9ben tett szervez\u00e9si \u00e9s technikai int\u00e9zked\u00e9seir\u0151l, valamint az \u00e9rintett felhaszn\u00e1l\u00f3 jogai gyakorl\u00e1s\u00e1nak m\u00f3dj\u00e1r\u00f3l \u00e9s lehet\u0151s\u00e9geir\u0151l.<\/p>\n<p>A cookie-val kapcsolatos r\u00e9szletes adatkezel\u00e9si szab\u00e1lyok k\u00fcl\u00f6n t\u00e1j\u00e9koztat\u00f3ban tal\u00e1lhat\u00f3ak.<\/p>\n<p>Szolg\u00e1ltat\u00f3 a neki megadott szem\u00e9lyes adatokat, azok val\u00f3dis\u00e1g\u00e1t nem ellen\u0151rzi.\u00a0<strong>A megadott adatok megfelel\u0151s\u00e9g\u00e9\u00e9rt kiz\u00e1r\u00f3lag az azt megad\u00f3 szem\u00e9ly, felhaszn\u00e1l\u00f3, szerz\u0151d\u0151 felel.<\/strong><\/p>\n<p>Szolg\u00e1ltat\u00f3 mint adatkezel\u0151 a r\u00f6gz\u00edtett szem\u00e9lyes adatokat bizalmasan, az adatv\u00e9delmi jogszab\u00e1lyokkal \u00e9s nemzetk\u00f6zi aj\u00e1nl\u00e1sokkal \u00f6sszhangban \u00e9s a jelen t\u00e1j\u00e9koztat\u00f3ban foglaltaknak megfelel\u0151en kezeli. Szolg\u00e1ltat\u00f3 elk\u00f6telezett partnerei \u00e9s felhaszn\u00e1l\u00f3i szem\u00e9lyes adatainak v\u00e9delm\u00e9ben, kiemelten fontosnak tartja a Honlap felhaszn\u00e1l\u00f3inak inform\u00e1ci\u00f3s \u00f6nrendelkez\u00e9si jog\u00e1nak tiszteletben tart\u00e1s\u00e1t. A Szolg\u00e1ltat\u00f3 a szem\u00e9lyes adatokat bizalmasan kezeli \u00e9s megtesz minden olyan biztons\u00e1gi, technikai \u00e9s szervez\u00e9si int\u00e9zked\u00e9st, mely az adatok biztons\u00e1g\u00e1t garant\u00e1lja.<\/p>\n<p>A Honlapon kezelt szem\u00e9lyes adatokat els\u0151dlegesen a Szolg\u00e1ltat\u00f3, valamint a Szolg\u00e1ltat\u00f3 munkat\u00e1rsai jogosultak megismerni.<\/p>\n<p>A Szolg\u00e1ltat\u00f3 b\u00e1rmikor jogosult jelen adatkezel\u00e9si t\u00e1j\u00e9koztat\u00f3t\u00a0<strong>egyoldal\u00faan m\u00f3dos\u00edtani<\/strong>. A Szolg\u00e1ltat\u00f3 a m\u00f3dos\u00edt\u00e1sokr\u00f3l a felhaszn\u00e1l\u00f3kat a Honlap fel\u00fclet\u00e9n kereszt\u00fcl t\u00e1j\u00e9koztatja. A Honlap bet\u00f6lt\u00e9s\u00e9t k\u00f6vet\u0151en a m\u00f3dos\u00edt\u00e1s t\u00e9ny\u00e9r\u0151l egy felugr\u00f3 ablakban kapnak t\u00e1j\u00e9koztat\u00e1st a l\u00e1togat\u00f3k, amelyben elhelyezett linkre kattintva hozz\u00e1jutnak a t\u00e1j\u00e9koztat\u00f3hoz. A felugr\u00f3 ablakban elhelyezett checkbox kipip\u00e1l\u00e1s\u00e1val tud nyilatkozni a l\u00e1togat\u00f3 a t\u00e1j\u00e9koztat\u00f3 elfogad\u00e1s\u00e1r\u00f3l. A m\u00f3dos\u00edtott adatkezel\u00e9si t\u00e1j\u00e9koztat\u00f3ban foglaltakat a Szolg\u00e1ltat\u00f3 azokkal szemben alkalmazhatja, akik nyilatkoztak annak elfogad\u00e1s\u00e1r\u00f3l.<\/p>\n<p>Amennyiben olyan\u00a0<strong>k\u00e9rd\u00e9se lenne<\/strong>, mely jelen adatkezel\u00e9si t\u00e1j\u00e9koztat\u00f3 alapj\u00e1n nem egy\u00e9rtelm\u0171, k\u00e9rj\u00fck, \u00edrja meg a\u00a0<a name=\"__DdeLink__492_996512639\"><\/a>fotodome@fotodome.eu\u00a0e-mail c\u00edmre, koll\u00e9g\u00e1nk megv\u00e1laszolja k\u00e9rd\u00e9s\u00e9t.<\/p>\n<ol start=\"2\" type=\"I\">\n<li><strong>Az Adatkezel\u0151 adatai<\/strong><\/li>\n<\/ol>\n<p>N\u00e9v: FOTO Rekl\u00e1m\u00fcgyn\u00f6ks\u00e9g Kft.<\/p>\n<p>Sz\u00e9khely: 6500 Baja, Neumann J\u00e1nos u. 6.<\/p>\n<p>C\u00e9gjegyz\u00e9ksz\u00e1m: 01-09-184229<\/p>\n<p>Ad\u00f3sz\u00e1m: 26302034-2-03<\/p>\n<p>Levelez\u00e9si c\u00edm: 6500 Baja, Neumann J\u00e1nos u. 6.<\/p>\n<p>Elektronikus levelez\u00e9si c\u00edm: info@fotovision.eu<\/p>\n<p>Telefonsz\u00e1m: +36 30 57 57 998<\/p>\n<ol start=\"3\" type=\"I\">\n<li><strong>Az Adatkezel\u0151 adatv\u00e9delmi tisztvisel\u0151j\u00e9nek adatai<\/strong><\/li>\n<\/ol>\n<p>N\u00e9v: F\u00f6ldv\u00e1ri Istv\u00e1n<\/p>\n<p>Sz\u00e9khely: 6500 Baja, Neumann J\u00e1nos u. 6.<\/p>\n<p>Levelez\u00e9si c\u00edm: 6500 Baja, Neumann J\u00e1nos u. 6.<\/p>\n<p>Elektronikus levelez\u00e9si c\u00edm: info@fotokft.hu<\/p>\n<p>Telefonsz\u00e1m: +36-30-575-7998<\/p>\n<ol start=\"4\" type=\"I\">\n<li><strong>Az Adatkezel\u0151\u00a0<u>www.fotovision.eu<\/u>\u00a0honlapon v\u00e9gzett adatkezel\u00e9si tev\u00e9kenys\u00e9ge<\/strong><\/li>\n<\/ol>\n<p>T\u00e1j\u00e9koztatjuk a honlapot ig\u00e9nybe vev\u0151 felhaszn\u00e1l\u00f3kat, hogy\u00a0<strong>hozz\u00e1j\u00e1rul\u00e1son alapul\u00f3 adatkezel\u00e9s eset\u00e9n<\/strong>\u00a0a felhaszn\u00e1l\u00f3 a hozz\u00e1j\u00e1rul\u00e1s\u00e1t b\u00e1rmikor jogosult\u00a0<strong>visszavonni<\/strong>. A visszavon\u00e1s nem \u00e9rinti a visszavon\u00e1s el\u0151tt a hozz\u00e1j\u00e1rul\u00e1s alapj\u00e1n v\u00e9grehajtott adatkezel\u00e9s jogszer\u0171s\u00e9g\u00e9t.<\/p>\n<p>Felh\u00edvjuk a figyelm\u00e9t, hogy b\u00e1rmikor jogosult\u00a0<strong>tiltakozni<\/strong>\u00a0a szem\u00e9lyes adatainak az Adatkezel\u0151 vagy egy harmadik f\u00e9l\u00a0<strong>jogos \u00e9rdek\u00e9n<\/strong>\u00a0alapul\u00f3 kezel\u00e9se ellen.<\/p>\n<ol start=\"1\" type=\"A\">\n<li><strong>Webshop regisztr\u00e1ci\u00f3<\/strong><\/li>\n<\/ol>\n<p><strong>A kezelt szem\u00e9lyes adatok:<\/strong>\u00a0n\u00e9v, e-mail c\u00edm, sz\u00e1ll\u00edt\u00e1si c\u00edm, sz\u00e1ml\u00e1z\u00e1si c\u00edm, telefonsz\u00e1m, c\u00e9gn\u00e9v, nyilatkozat 18. \u00e9let\u00e9v bet\u00f6lt\u00e9s\u00e9r\u0151l.<\/p>\n<p><strong>Az adatkezel\u00e9s c\u00e9lja:<\/strong>\u00a0a web\u00e1ruh\u00e1zban t\u00f6rt\u00e9n\u0151 v\u00e1s\u00e1rl\u00e1s sor\u00e1n a v\u00e1s\u00e1rl\u00f3k nyilv\u00e1ntart\u00e1sa, egym\u00e1st\u00f3l val\u00f3 megk\u00fcl\u00f6nb\u00f6ztet\u00e9se, szerz\u0151d\u00e9sk\u00f6t\u00e9si felt\u00e9tel (nagykor\u00fas\u00e1g) megl\u00e9t\u00e9nek ellen\u0151rz\u00e9se.<\/p>\n<p><strong>Az adatkezel\u00e9s jogalapja:<\/strong>\u00a0web\u00e1ruh\u00e1zban t\u00f6rt\u00e9n\u0151 v\u00e1s\u00e1rl\u00e1s eset\u00e9n a szerz\u0151d\u00e9s k\u00f6t\u00e9s\u00e9nek el\u0151felt\u00e9tele. A szem\u00e9lyes adatok megad\u00e1sa n\u00e9lk\u00fcl a web\u00e1ruh\u00e1zban t\u00f6rt\u00e9n\u0151 v\u00e1s\u00e1rl\u00e1s nem kezdem\u00e9nyezhet\u0151.<\/p>\n<p><strong>Az adatkezel\u00e9s id\u0151tartama:<\/strong>\u00a0a megrendel\u00e9s teljes\u00edt\u00e9s\u00e9t k\u00f6vet\u0151en az Adatkezel\u0151 nem t\u00f6rli adatb\u00e1zis\u00e1b\u00f3l a szem\u00e9lyes adatokat, a honlapon m\u0171k\u00f6d\u0151 al\u00e1bbi funkci\u00f3k biztos\u00edt\u00e1sa \u00e9rdek\u00e9ben: kor\u00e1bban megrendelt \u00e1ruk \u00fajrarendel\u00e9se, kor\u00e1bbi rendel\u00e9sek megtekint\u00e9se. 1 \u00e9v inaktivit\u00e1s ut\u00e1n az Adatkezel\u0151 t\u00f6rli adatb\u00e1zis\u00e1b\u00f3l a szem\u00e9lyes adatokat. A szem\u00e9lyes adatok t\u00f6rl\u00e9sre ker\u00fclnek a regisztr\u00e1lt felhaszn\u00e1l\u00f3 t\u00f6rl\u00e9s ir\u00e1nti k\u00e9relme eset\u00e9n, legk\u00e9s\u0151bb a k\u00e9relem elint\u00e9z\u00e9s\u00e9re fenn\u00e1ll\u00f3 hat\u00e1rid\u0151 v\u00e9g\u00e9n.<\/p>\n<ol start=\"2\" type=\"A\">\n<li><strong>Webshop bel\u00e9p\u00e9s regisztr\u00e1ci\u00f3 n\u00e9lk\u00fcl<\/strong><\/li>\n<\/ol>\n<p><strong>A kezelt szem\u00e9lyes adatok:<\/strong>\u00a0e-mail c\u00edm, nyilatkozat 18. \u00e9let\u00e9v bet\u00f6lt\u00e9s\u00e9r\u0151l.<\/p>\n<p><strong>Az adatkezel\u00e9s c\u00e9lja:<\/strong>\u00a0a web\u00e1ruh\u00e1zban t\u00f6rt\u00e9n\u0151 v\u00e1s\u00e1rl\u00e1s sor\u00e1n a v\u00e1s\u00e1rl\u00f3k nyilv\u00e1ntart\u00e1sa, egym\u00e1st\u00f3l val\u00f3 megk\u00fcl\u00f6nb\u00f6ztet\u00e9se, szerz\u0151d\u00e9sk\u00f6t\u00e9si felt\u00e9tel (nagykor\u00fas\u00e1g) megl\u00e9t\u00e9nek ellen\u0151rz\u00e9se.<\/p>\n<p><strong>Az adatkezel\u00e9s jogalapja:<\/strong>\u00a0web\u00e1ruh\u00e1zban t\u00f6rt\u00e9n\u0151 v\u00e1s\u00e1rl\u00e1s eset\u00e9n a szerz\u0151d\u00e9s k\u00f6t\u00e9s\u00e9nek el\u0151felt\u00e9tele. A szem\u00e9lyes adat megad\u00e1sa n\u00e9lk\u00fcl a web\u00e1ruh\u00e1zban t\u00f6rt\u00e9n\u0151 v\u00e1s\u00e1rl\u00e1s nem kezdem\u00e9nyezhet\u0151.<\/p>\n<p><strong>Az adatkezel\u00e9s id\u0151tartama:<\/strong>\u00a0a web\u00e1ruh\u00e1zban t\u00f6rt\u00e9nt v\u00e1s\u00e1rl\u00e1sra vonatkoz\u00f3 el\u00e1ll\u00e1si jog gyakorl\u00e1s\u00e1ra nyitva \u00e1ll\u00f3 hat\u00e1rid\u0151 lej\u00e1rta.<\/p>\n<ol start=\"3\" type=\"A\">\n<li><strong>Webshop bel\u00e9p\u00e9s Facebook, illetve Google account-tal<\/strong><\/li>\n<\/ol>\n<p><strong>A kezelt szem\u00e9lyes adatok:<\/strong>\u00a0Facebook account-tal val\u00f3 bel\u00e9p\u00e9s eset\u00e9n az Adatkezel\u0151 felhaszn\u00e1lja, illetve felhaszn\u00e1lhatja a felhaszn\u00e1l\u00f3 Facebook-on haszn\u00e1lt e-mail c\u00edm\u00e9t \u00e9s a Facebook \u00e1ltal meghat\u00e1rozott mindenkori nyilv\u00e1nos adatait (pl.: n\u00e9v, nem, orsz\u00e1g, profilk\u00e9p). Google account-tal val\u00f3 bel\u00e9p\u00e9s eset\u00e9n az Adatkezel\u0151 felhaszn\u00e1lja a felhaszn\u00e1l\u00f3 Google-n haszn\u00e1lt nev\u00e9t, e-mail c\u00edm\u00e9t, profilk\u00e9p\u00e9t, URL c\u00edm\u00e9t.<\/p>\n<p><strong>Az adatkezel\u00e9s c\u00e9lja:\u00a0<\/strong>a web\u00e1ruh\u00e1zban t\u00f6rt\u00e9n\u0151 v\u00e1s\u00e1rl\u00e1s sor\u00e1n a v\u00e1s\u00e1rl\u00f3k nyilv\u00e1ntart\u00e1sa, egym\u00e1st\u00f3l val\u00f3 megk\u00fcl\u00f6nb\u00f6ztet\u00e9se.<\/p>\n<p><strong>Az adatkezel\u00e9s jogalapja:<\/strong>\u00a0web\u00e1ruh\u00e1zban t\u00f6rt\u00e9n\u0151 v\u00e1s\u00e1rl\u00e1s eset\u00e9n a szerz\u0151d\u00e9s k\u00f6t\u00e9s\u00e9nek el\u0151felt\u00e9tele. Szem\u00e9lyes adatok rendelkez\u00e9sre \u00e1ll\u00e1sa n\u00e9lk\u00fcl a web\u00e1ruh\u00e1zban t\u00f6rt\u00e9n\u0151 v\u00e1s\u00e1rl\u00e1s nem kezdem\u00e9nyezhet\u0151.<\/p>\n<p><strong>Az adatkezel\u00e9s id\u0151tartama:<\/strong>\u00a0a web\u00e1ruh\u00e1zban t\u00f6rt\u00e9nt v\u00e1s\u00e1rl\u00e1sra vonatkoz\u00f3 el\u00e1ll\u00e1si jog gyakorl\u00e1s\u00e1ra nyitva \u00e1ll\u00f3 hat\u00e1rid\u0151 lej\u00e1rta.<\/p>\n<ol start=\"4\" type=\"A\">\n<li><strong>Megrendel\u00e9s kezel\u00e9se\u00a0<\/strong><\/li>\n<\/ol>\n<ol start=\"1\" type=\"i\">\n<li><strong>Megrendel\u00e9s lead\u00e1sa<\/strong><\/li>\n<\/ol>\n<p><strong>A kezelt szem\u00e9lyes adatok:\u00a0<\/strong>n\u00e9v, e-mail c\u00edm, orsz\u00e1g, ir\u00e1ny\u00edt\u00f3sz\u00e1m, v\u00e1ros, k\u00f6zter\u00fclet neve, h\u00e1zsz\u00e1m, telefonsz\u00e1m.<\/p>\n<p><strong>Az adatkezel\u00e9s c\u00e9lja:<\/strong>\u00a0a szerz\u0151d\u00e9s megk\u00f6t\u00e9s\u00e9re ir\u00e1nyul\u00f3 aj\u00e1nlat (megrendel\u00e9s) felt\u00e9teleinek megismer\u00e9se, annak elfogad\u00e1s\u00e1r\u00f3l sz\u00f3l\u00f3 nyilatkozat k\u00fcld\u00e9se meger\u0151s\u00edt\u0151 e-mail form\u00e1j\u00e1ban.<\/p>\n<p><strong>Az adatkezel\u00e9s jogalapja:<\/strong>\u00a0szerz\u0151d\u00e9s teljes\u00edt\u00e9se. A szem\u00e9lyes adatok megad\u00e1sa n\u00e9lk\u00fcl a web\u00e1ruh\u00e1zban t\u00f6rt\u00e9n\u0151 v\u00e1s\u00e1rl\u00e1s nem kezdem\u00e9nyezhet\u0151.<\/p>\n<p><strong>Az adatkezel\u00e9s id\u0151tartama: a)\u00a0<\/strong>regisztr\u00e1lt felhaszn\u00e1l\u00f3 eset\u00e9n: a megrendel\u00e9s teljes\u00edt\u00e9s\u00e9t k\u00f6vet\u0151en az Adatkezel\u0151 nem t\u00f6rli adatb\u00e1zis\u00e1b\u00f3l a szem\u00e9lyes adatokat, a honlapon m\u0171k\u00f6d\u0151 al\u00e1bbi funkci\u00f3k biztos\u00edt\u00e1sa \u00e9rdek\u00e9ben: kor\u00e1bban megrendelt \u00e1ruk \u00fajrarendel\u00e9se, kor\u00e1bbi rendel\u00e9sek megtekint\u00e9se. 1 \u00e9v inaktivit\u00e1s ut\u00e1n az Adatkezel\u0151 t\u00f6rli adatb\u00e1zis\u00e1b\u00f3l a szem\u00e9lyes adatokat. A szem\u00e9lyes adatok t\u00f6rl\u00e9sre ker\u00fclnek a regisztr\u00e1lt felhaszn\u00e1l\u00f3 t\u00f6rl\u00e9s ir\u00e1nti k\u00e9relme eset\u00e9n, legk\u00e9s\u0151bb a k\u00e9relem elint\u00e9z\u00e9s\u00e9re fenn\u00e1ll\u00f3 hat\u00e1rid\u0151 v\u00e9g\u00e9n.\u00a0<strong>b)<\/strong>\u00a0nem regisztr\u00e1lt felhaszn\u00e1l\u00f3 eset\u00e9n: a web\u00e1ruh\u00e1zban t\u00f6rt\u00e9nt v\u00e1s\u00e1rl\u00e1sra vonatkoz\u00f3 el\u00e1ll\u00e1si jog gyakorl\u00e1s\u00e1ra nyitva \u00e1ll\u00f3 hat\u00e1rid\u0151 lej\u00e1rta.<\/p>\n<p><strong>C\u00edmzettek:\u00a0<\/strong>a Szolg\u00e1ltat\u00f3 illet\u00e9kes munkat\u00e1rsai.<\/p>\n<ol start=\"2\" type=\"i\">\n<li><strong>Megrendel\u00e9s teljes\u00edt\u00e9se<\/strong><\/li>\n<\/ol>\n<p><strong>A kezelt szem\u00e9lyes adatok:<\/strong>\u00a0n\u00e9v, e-mail c\u00edm, orsz\u00e1g, ir\u00e1ny\u00edt\u00f3sz\u00e1m, v\u00e1ros, k\u00f6zter\u00fclet neve, h\u00e1zsz\u00e1m, telefonsz\u00e1m. Ut\u00e1nv\u00e9tes fizet\u00e9si m\u00f3d v\u00e1laszt\u00e1sa eset\u00e9n tov\u00e1bb\u00e1 a megrendel\u00e9s \u00e9rt\u00e9ke.<\/p>\n<p><strong>Az adatkezel\u00e9s c\u00e9lja:<\/strong>\u00a0a megrendelt term\u00e9kek k\u00e9zbes\u00edt\u00e9se.<\/p>\n<p><strong>Az adatkezel\u00e9s jogalapja:<\/strong>\u00a0szerz\u0151d\u00e9s teljes\u00edt\u00e9se.<\/p>\n<p><strong>Az adatkezel\u00e9s id\u0151tartama:<\/strong>\u00a0<strong>a)\u00a0<\/strong>regisztr\u00e1lt felhaszn\u00e1l\u00f3 eset\u00e9n: a megrendel\u00e9s teljes\u00edt\u00e9s\u00e9t k\u00f6vet\u0151en az Adatkezel\u0151 nem t\u00f6rli adatb\u00e1zis\u00e1b\u00f3l a szem\u00e9lyes adatokat, a honlapon m\u0171k\u00f6d\u0151 al\u00e1bbi funkci\u00f3k biztos\u00edt\u00e1sa \u00e9rdek\u00e9ben: kor\u00e1bban megrendelt \u00e1ruk \u00fajrarendel\u00e9se, kor\u00e1bbi rendel\u00e9sek megtekint\u00e9se. 1 \u00e9v inaktivit\u00e1s ut\u00e1n az Adatkezel\u0151 t\u00f6rli adatb\u00e1zis\u00e1b\u00f3l a szem\u00e9lyes adatokat. A szem\u00e9lyes adatok t\u00f6rl\u00e9sre ker\u00fclnek a regisztr\u00e1lt felhaszn\u00e1l\u00f3 t\u00f6rl\u00e9s ir\u00e1nti k\u00e9relme eset\u00e9n, legk\u00e9s\u0151bb a k\u00e9relem elint\u00e9z\u00e9s\u00e9re fenn\u00e1ll\u00f3 hat\u00e1rid\u0151 v\u00e9g\u00e9n.\u00a0<strong>b)<\/strong>\u00a0nem regisztr\u00e1lt felhaszn\u00e1l\u00f3 eset\u00e9n: a web\u00e1ruh\u00e1zban t\u00f6rt\u00e9nt v\u00e1s\u00e1rl\u00e1sra vonatkoz\u00f3 el\u00e1ll\u00e1si jog gyakorl\u00e1s\u00e1ra nyitva \u00e1ll\u00f3 hat\u00e1rid\u0151 lej\u00e1rta.<\/p>\n<p><strong>A kezelt szem\u00e9lyes adatok:<\/strong>\u00a0n\u00e9v, sz\u00e1ll\u00edt\u00e1si c\u00edm, sz\u00e1ml\u00e1z\u00e1si c\u00edm, telefonsz\u00e1m, e-mail c\u00edm, tranzakci\u00f3 \u00f6sszege, IP c\u00edm, tranzakci\u00f3 d\u00e1tuma \u00e9s id\u0151pontja.<\/p>\n<p><strong>Az adatkezel\u00e9s c\u00e9lja:<\/strong>\u00a0a megrendelt term\u00e9kek ellen\u00e9rt\u00e9k\u00e9nek kiegyenl\u00edt\u00e9se.<\/p>\n<p><strong>Az adatkezel\u00e9s jogalapja:<\/strong>\u00a0szerz\u0151d\u00e9s teljes\u00edt\u00e9se.<\/p>\n<p><strong>Az adatkezel\u00e9s id\u0151tartama:<\/strong>\u00a08 \u00e9v<\/p>\n<ol start=\"3\" type=\"i\">\n<li><strong>Sz\u00e1ml\u00e1z\u00e1s<\/strong><\/li>\n<\/ol>\n<p><strong>A kezelt szem\u00e9lyes adatok:\u00a0<\/strong>n\u00e9v, orsz\u00e1g, ir\u00e1ny\u00edt\u00f3sz\u00e1m, v\u00e1ros, k\u00f6zter\u00fclet neve, h\u00e1zsz\u00e1m.<\/p>\n<p><strong>Az adatkezel\u00e9s c\u00e9lja:\u00a0<\/strong>bizonylatol\u00e1s (sz\u00e1mla ki\u00e1ll\u00edt\u00e1s), sz\u00e1ml\u00e1k meg\u0151rz\u00e9se.<\/p>\n<p><strong>Az adatkezel\u00e9s jogalapja:<\/strong>\u00a0a Szolg\u00e1ltat\u00f3 jogszab\u00e1lyi k\u00f6telezetts\u00e9ge [a sz\u00e1mvitelr\u0151l sz\u00f3l\u00f3 2000. \u00e9vi C. t\u00f6rv\u00e9ny 166. \u00a7 (3) bekezd\u00e9s \u00e9s 169. \u00a7 (2) bekezd\u00e9s]<\/p>\n<p><strong>Az adatkezel\u00e9s id\u0151tartama:\u00a0<\/strong>8 \u00e9v.<\/p>\n<ol start=\"5\" type=\"A\">\n<li><strong>Term\u00e9k visszak\u00fcld\u00e9se el\u00e1ll\u00e1si jog gyakorl\u00e1sa eset\u00e9n<\/strong><\/li>\n<\/ol>\n<p><strong>A kezelt szem\u00e9lyes adatok:\u00a0<\/strong>n\u00e9v, orsz\u00e1g, ir\u00e1ny\u00edt\u00f3sz\u00e1m, v\u00e1ros, k\u00f6zter\u00fclet neve, h\u00e1zsz\u00e1m, megrendel\u00e9s sz\u00e1m.<\/p>\n<p><strong>Az adatkezel\u00e9s c\u00e9lja:\u00a0<\/strong>a v\u00e1s\u00e1rl\u00f3i ig\u00e9ny kiel\u00e9g\u00edt\u00e9se (p\u00e9nz visszat\u00e9r\u00edt\u00e9s)<\/p>\n<p><strong>Az adatkezel\u00e9s jogalapja:\u00a0<\/strong>a Szolg\u00e1ltat\u00f3 jogszab\u00e1lyi k\u00f6telezetts\u00e9ge [a fogyaszt\u00f3 \u00e9s a v\u00e1llalkoz\u00e1s k\u00f6z\u00f6tti szerz\u0151d\u00e9sek r\u00e9szletes szab\u00e1lyair\u00f3l sz\u00f3l\u00f3 45\/2014. (II. 26.) Korm. rendelet 23. \u00a7 (1) bekezd\u00e9s].<\/p>\n<p><strong>Az adatkezel\u00e9s id\u0151tartama:\u00a0<\/strong>el\u00e1ll\u00e1si jog gyakorl\u00e1s\u00e1ra nyitva \u00e1ll\u00f3 hat\u00e1rid\u0151 lej\u00e1rta.<\/p>\n<p><strong>C\u00edmzettek:\u00a0<\/strong>a Szolg\u00e1ltat\u00f3 illet\u00e9kes munkat\u00e1rsai.<\/p>\n<ol start=\"6\" type=\"A\">\n<li><strong>Term\u00e9k\u00e9rt\u00e9kel\u00e9s<\/strong><\/li>\n<\/ol>\n<p><strong>A kezelt szem\u00e9lyes adatok:\u00a0<\/strong>az \u00e9rt\u00e9kel\u00e9shez megadott n\u00e9v, az \u00e9rt\u00e9kel\u00e9s sz\u00f6veg\u00e9ben megadott egy\u00e9b szem\u00e9lyes adatok.<\/p>\n<p><strong>Az adatkezel\u00e9s c\u00e9lja:\u00a0<\/strong>a term\u00e9kekr\u0151l sz\u00f6veges \u00e9s pontsz\u00e1mos \u00e9rt\u00e9kel\u00e9s ad\u00e1sa, az \u00e9rt\u00e9kel\u00e9sek nyilv\u00e1noss\u00e1gra hozatala a honlapon.<\/p>\n<p><strong>Az adatkezel\u00e9s jogalapja:\u00a0<\/strong>az \u00e9rintett \u00f6nk\u00e9ntes hozz\u00e1j\u00e1rul\u00e1sa.<\/p>\n<p><strong>Az adatkezel\u00e9s id\u0151tartama:\u00a0<\/strong>a hozz\u00e1j\u00e1rul\u00e1s visszavon\u00e1s\u00e1ig. Annak biztos\u00edt\u00e1sa \u00e9rdek\u00e9ben, hogy a szem\u00e9lyes adatok t\u00e1rol\u00e1sa a sz\u00fcks\u00e9ges id\u0151tartamra korl\u00e1toz\u00f3djon, az adatkezel\u0151 a hozz\u00e1j\u00e1rul\u00e1s visszavon\u00e1sa n\u00e9lk\u00fcl is t\u00f6rli a szem\u00e9lyes adatokat azok megad\u00e1s\u00e1t\u00f3l sz\u00e1m\u00edtott 1 \u00e9v eltelt\u00e9vel.<\/p>\n<p><strong>C\u00edmzettek:\u00a0<\/strong>a Szolg\u00e1ltat\u00f3 illet\u00e9kes munkat\u00e1rsai.<\/p>\n<ol start=\"5\" type=\"I\">\n<li><strong>Az Adatkezel\u0151 www.fotoreklam.hu honlapon v\u00e9gzett adatkezel\u00e9si tev\u00e9kenys\u00e9ge\u00a0<\/strong><\/li>\n<\/ol>\n<ol start=\"1\" type=\"A\">\n<li><strong>Kapcsolatfelv\u00e9tel<\/strong><\/li>\n<\/ol>\n<p><strong>A kezelt szem\u00e9lyes adatok:<\/strong>\u00a0n\u00e9v, e-mail c\u00edm, telefonsz\u00e1m, a lev\u00e9l sz\u00f6veg\u00e9ben megadott egy\u00e9b szem\u00e9lyes adatok.<\/p>\n<p><strong>Az adatkezel\u00e9s c\u00e9lja:<\/strong>\u00a0be\u00e9rkezett \u00fczenetek megv\u00e1laszol\u00e1sa.<\/p>\n<p><strong>Az adatkezel\u00e9s jogalapja:<\/strong>\u00a0az \u00e9rintett \u00f6nk\u00e9ntes hozz\u00e1j\u00e1rul\u00e1sa.<\/p>\n<p><strong>Az adatkezel\u00e9s id\u0151tartama: a)\u00a0<\/strong>viszontv\u00e1lasz hi\u00e1ny\u00e1ban a Szolg\u00e1ltat\u00f3 v\u00e1lasz\u00e1nak kik\u00fcld\u00e9s\u00e9t\u0151l sz\u00e1m\u00edtott 15 nap.\u00a0<strong>b)<\/strong>\u00a0Az \u00e9rintett besz\u00e9lget\u00e9st lez\u00e1r\u00f3 tartalm\u00fa v\u00e1lasz\u00e1nak k\u00e9zhezv\u00e9tel\u00e9t\u0151l sz\u00e1m\u00edtott 1 nap.<\/p>\n<ol start=\"6\" type=\"I\">\n<li><strong>Az Adatkezel\u0151 www.fotoreklam.hu<\/strong>\u00a0<strong>honlapon egyar\u00e1nt v\u00e9gzett adatkezel\u00e9si tev\u00e9kenys\u00e9ge<\/strong><\/li>\n<\/ol>\n<ol start=\"1\" type=\"A\">\n<li><strong>Cookie\u00a0<\/strong><\/li>\n<\/ol>\n<p>Az anonim l\u00e1togat\u00f3azonos\u00edt\u00f3k (cookie-k, s\u00fctik) olyan f\u00e1jlok vagy inform\u00e1ci\u00f3darabok, amelyek a sz\u00e1m\u00edt\u00f3g\u00e9peden (vagy m\u00e1s internetk\u00e9pes k\u00e9sz\u00fcl\u00e9keiden, mint okostelefonodon vagy t\u00e1blag\u00e9peden) t\u00e1rol\u00f3dnak, amikor megl\u00e1togatod valamelyik honlapunkat. Egy s\u00fcti \u00e1ltal\u00e1ban tartalmazza a webhely nev\u00e9t, ahonnan az j\u00f6tt, a saj\u00e1t \u201e\u00e9lettartam\u00e1t\u201d (vagyis, hogy milyen hosszan marad a k\u00e9sz\u00fcl\u00e9keden) \u00e9s az \u00e9rt\u00e9k\u00e9t, ami \u00e1ltal\u00e1ban egy v\u00e9letlenszer\u0171en gener\u00e1lt egyedi sz\u00e1m.<\/p>\n<p>A s\u00fctiket arra haszn\u00e1ljuk, hogy a k\u00e9s\u0151bbiekben jobban testre lehessen szabni a honlapjainkat, a term\u00e9keinket az \u00e9rdekl\u0151d\u00e9sednek \u00e9s ig\u00e9nyeidnek megfelel\u0151en k\u00edn\u00e1ljuk sz\u00e1modra, ez\u00e1ltal k\u00f6nnyebb legyen oldalaink haszn\u00e1lata. A s\u00fctik seg\u00edtenek felgyors\u00edtani a j\u00f6v\u0151beni tev\u00e9kenys\u00e9geid \u00e9s jobb\u00e1 tenni az \u00e9lm\u00e9nyt oldalaink haszn\u00e1lata k\u00f6zben. A s\u00fctik anonim, \u00f6sszes\u00edtett statisztika k\u00e9sz\u00edt\u00e9s\u00e9re is alkalmasak, \u00edgy jobban meg\u00e9rthetj\u00fck, hogy az emberek hogyan haszn\u00e1lj\u00e1k az oldalainkat \u00e9s \u00edgy jav\u00edtani tudunk azok strukt\u00far\u00e1j\u00e1n \u00e9s tartalm\u00e1n. Ebb\u0151l az inform\u00e1ci\u00f3b\u00f3l nem tudunk t\u00e9ged szem\u00e9ly szerint azonos\u00edtani.<\/p>\n<p>K\u00e9tf\u00e9le s\u00fctit haszn\u00e1lhatunk a honlapjainkon, a munkamenet s\u00fctiket \u00e9s az \u00e1lland\u00f3 s\u00fctiket. A munkamenet s\u00fctik ideiglenesek, azaz addig maradnak a k\u00e9sz\u00fcl\u00e9keden, am\u00edg el nem hagyod a honlapunkat. Az \u00e1lland\u00f3 s\u00fctik sokkal tov\u00e1bb maradnak a k\u00e9sz\u00fcl\u00e9keden, el\u0151fordulhat, hogy eg\u00e9szen addig, am\u00edg manu\u00e1lisan ki nem t\u00f6rl\u00f6d \u0151ket.<\/p>\n<p>M\u00e1s oldalak is gy\u0171jtenek inform\u00e1ci\u00f3t pixel tageket haszn\u00e1lva, amelyeket meg lehet osztani harmadik f\u00e9llel. Ez k\u00f6zvetlen\u00fcl t\u00e1mogatja prom\u00f3ci\u00f3s tev\u00e9kenys\u00e9geinket \u00e9s weboldalfejleszt\u00e9s\u00fcnket. P\u00e9ld\u00e1ul l\u00e1togat\u00f3ink weboldal haszn\u00e1lati inform\u00e1ci\u00f3j\u00e1t meg lehet osztani rekl\u00e1m\u00fcgyn\u00f6ks\u00e9gekkel, hogy hat\u00e9konyabban tudjuk haszn\u00e1lni az online hirdet\u00e9seket a weboldalainkon. Mindamellett az inform\u00e1ci\u00f3 nem szem\u00e9lyesen azonos\u00edt\u00f3, hab\u00e1r k\u00f6thet\u0151 a szem\u00e9lyes adatokhoz.<\/p>\n<p>A honlapjainkon haszn\u00e1lt s\u00fctik:<\/p>\n<table border=\"0\" width=\"680\" cellspacing=\"0\" cellpadding=\"0\">\n<tbody>\n<tr>\n<td width=\"125\">\n<p><strong>S\u00fcti t\u00edpus<\/strong><\/p>\n<\/td>\n<td width=\"278\">\n<p><strong>Mit csin\u00e1l?<\/strong><\/p>\n<\/td>\n<td width=\"277\">\n<p align=\"center\"><strong>Ez a s\u00fcti gy\u0171jt szem\u00e9lyes adatokat vagy azonos\u00edt engem?<\/strong><\/p>\n<\/td>\n<\/tr>\n<tr>\n<td width=\"125\">\n<p align=\"center\"><strong>Sz\u00fcks\u00e9ges s\u00fctik<\/strong><\/p>\n<\/td>\n<td width=\"278\">\n<p>Ezek a s\u00fctik alapvet\u0151en ahhoz sz\u00fcks\u00e9gesek, hogy a honlapjaink j\u00f3l m\u0171k\u00f6djenek, lehet\u0151v\u00e9 teszik, hogy mozogj webhelyeinken \u00e9s haszn\u00e1ld a k\u00fcl\u00f6nb\u00f6z\u0151 funkci\u00f3kat. P\u00e9ld\u00e1ul a kor\u00e1bbi l\u00e9p\u00e9sekre, be\u00edrt sz\u00f6vegre val\u00f3 eml\u00e9kez\u00e9s megk\u00f6nny\u00edti a haszn\u00e1latot, amikor visszanavig\u00e1lsz egy<br \/>oldalra ugyanabban a munkamenetben.<\/p>\n<\/td>\n<td width=\"277\">\n<p align=\"right\">Ezek a s\u00fctik nem azonos\u00edtanak egy\u00e9nileg.<br \/>Ha nem fogadod el ezen s\u00fctik haszn\u00e1lat\u00e1t, annak hat\u00e1sa lehet a webhelyre \u00e9s annak teljes\u00edtm\u00e9ny\u00e9re.<\/p>\n<\/td>\n<\/tr>\n<tr>\n<td width=\"125\">\n<p><strong>Teljes\u00edtm\u00e9ny s\u00fctik (Performance)<\/strong><\/p>\n<\/td>\n<td width=\"278\">\n<p>Ezek a s\u00fctik seg\u00edtenek meg\u00e9rteni, hogy a l\u00e1togat\u00f3k hogyan l\u00e9pnek kapcsolatba webhelyeinkkel az\u00e1ltal, hogy inform\u00e1ci\u00f3t szolg\u00e1ltatnak a megl\u00e1togatott helyekr\u0151l, arr\u00f3l, hogy mennyi id\u0151t t\u00f6ltenek az oldalon, \u00e9s b\u00e1rmely probl\u00e9m\u00e1r\u00f3l, amivel tal\u00e1lkoztak, mint p\u00e9ld\u00e1ul a hiba\u00fczenetek. Ez seg\u00edt nek\u00fcnk a webhelyeink teljes\u00edtm\u00e9ny\u00e9nek jav\u00edt\u00e1s\u00e1ban.<\/p>\n<\/td>\n<td width=\"277\">\n<p align=\"right\">Ezek a s\u00fctik nem azonos\u00edtanak egy\u00e9nileg. Az adatokat \u00f6sszes\u00edtve \u00e9s n\u00e9vtelen\u00fcl gy\u0171jtik.<\/p>\n<\/td>\n<\/tr>\n<tr>\n<td width=\"125\">\n<p align=\"center\"><strong>Funkcionalit\u00e1s s\u00fctik<\/strong><\/p>\n<\/td>\n<td width=\"278\">\n<p>Ezek a s\u00fctik lehet\u0151v\u00e9 teszik webhelyeinknek, hogy eml\u00e9kezzenek arra, miket v\u00e1lasztott\u00e1l (mint p\u00e9ld\u00e1ul a felhaszn\u00e1l\u00f3n\u00e9v, nyelv vagy a r\u00e9gi\u00f3, ahol tart\u00f3zkodsz),<br \/>hogy egy szem\u00e9lyesebb online tapasztalatot ny\u00fajtsanak.<br \/>Azt is lehet\u0151v\u00e9 teszik a sz\u00e1modra, hogy vide\u00f3kat n\u00e9zz, j\u00e1t\u00e9kokat j\u00e1tssz \u00e9s t\u00e1rsas\u00e1gi eszk\u00f6z\u00f6ket haszn\u00e1lj, mint p\u00e9ld\u00e1ul a blogok, chatszob\u00e1k \u00e9s f\u00f3rumok.<\/p>\n<\/td>\n<td width=\"277\">\n<p align=\"right\">Az ilyen s\u00fctik \u00e1ltal gy\u0171jt\u00f6tt inform\u00e1ci\u00f3kban lehetnek szem\u00e9lyesen azonos\u00edt\u00f3 adatok, amelyeket megosztott\u00e1l, mint a felhaszn\u00e1l\u00f3neved vagy profilk\u00e9ped. Mindig nyilv\u00e1nval\u00f3an t\u00e1j\u00e9koztatunk arr\u00f3l, hogy milyen inform\u00e1ci\u00f3t gy\u0171jt\u00fcnk, mit csin\u00e1lunk vele \u00e9s kivel osztjuk meg azt. Ha nem fogadod el ezeket a s\u00fctiket, annak hat\u00e1sa lehet a webhely teljes\u00edtm\u00e9ny\u00e9re \u00e9s funkcionalit\u00e1s\u00e1ra \u00e9s korl\u00e1tozhatja hozz\u00e1f\u00e9r\u00e9sedet a webhely tartalm\u00e1hoz.<\/p>\n<\/td>\n<\/tr>\n<tr>\n<td width=\"125\">\n<p align=\"center\"><strong>C\u00e9lz\u00e1s vagy Rekl\u00e1m s\u00fctik (Targeting) Preferences<\/strong><\/p>\n<\/td>\n<td width=\"278\">\n<p>Ezeket a s\u00fctiket olyan tartalmak sz\u00e1ll\u00edt\u00e1s\u00e1ra haszn\u00e1ljuk, amelyek relev\u00e1nsabbak sz\u00e1modra \u00e9s \u00e9rdekl\u0151d\u00e9si k\u00f6r\u00f6d sz\u00e1m\u00e1ra. Ezeket arra lehet haszn\u00e1lni, hogy c\u00e9lzott hirdet\u00e9st juttassanak el hozz\u00e1d, \u00e9s hogy korl\u00e1tozz\u00e1k, hogy h\u00e1nyszor n\u00e9zel meg egy hirdet\u00e9st. Abban is seg\u00edtenek, hogy m\u00e9rj\u00fck rekl\u00e1m kamp\u00e1nyaink hat\u00e9konys\u00e1g\u00e1t az oldalakon. Ezeket a s\u00fctiket arra haszn\u00e1lhatjuk, hogy eml\u00e9kezzenek a webhelyekre, amelyeket megl\u00e1togatt\u00e1l \u00e9s megoszthatjuk ezt az inform\u00e1ci\u00f3t m\u00e1s felekkel, ide\u00e9rtve hirdet\u0151inket \u00e9s \u00fcgyn\u00f6ks\u00e9geinket.<\/p>\n<\/td>\n<td width=\"277\">\n<p align=\"right\">Az ilyen s\u00fctik legt\u00f6bb fajt\u00e1ja k\u00f6veti a fogyaszt\u00f3kat IP c\u00edm\u00fck\u00f6n kereszt\u00fcl, ez \u00e1ltal gy\u0171jthetnek szem\u00e9lyesen azonos\u00edthat\u00f3 inform\u00e1ci\u00f3kat.<\/p>\n<\/td>\n<\/tr>\n<\/tbody>\n<\/table>\n<p><strong>Statisztikai s\u00fctik<\/strong><\/p>\n<p>A legt\u00f6bb internet b\u00f6ng\u00e9sz\u0151 kezdetben \u00fagy ker\u00fcl be\u00e1ll\u00edt\u00e1sra, hogy elfogadja a s\u00fctiket. Megv\u00e1ltoztathatod a be\u00e1ll\u00edt\u00e1sokat, hogy blokkold a s\u00fctiket, illetve figyelmeztet\u00e9st k\u00e9rhetsz, amikor s\u00fctiket \u00e1ll\u00edtanak be az eszk\u00f6z\u00f6d\u00f6n. Sz\u00e1mos m\u00f3dja van a s\u00fctik kezel\u00e9s\u00e9nek. K\u00e9rj\u00fck, n\u00e9zd meg a b\u00f6ng\u00e9sz\u0151 inform\u00e1ci\u00f3kat vagy a seg\u00edts\u00e9g oldalt, ha t\u00f6bbet k\u00edv\u00e1nsz megtudni a b\u00f6ng\u00e9sz\u0151 be\u00e1ll\u00edt\u00e1sokr\u00f3l \u00e9s azok m\u00f3dos\u00edt\u00e1s\u00e1r\u00f3l!<br \/>Ha kikapcsolod az \u00e1ltalunk haszn\u00e1lt s\u00fctiket, annak hat\u00e1sa lehet az \u00e9lm\u00e9nyre, am\u00edg a honlapunkon vagy. P\u00e9ld\u00e1ul nem l\u00e1togathatod meg a webhely bizonyos r\u00e9szeit, vagy nem kaphatsz szem\u00e9lyre szabott inform\u00e1ci\u00f3t amikor megl\u00e1togatsz egy oldalt.<br \/>Ha k\u00fcl\u00f6nb\u00f6z\u0151 eszk\u00f6z\u00f6ket haszn\u00e1lsz a webhelyek megtekint\u00e9s\u00e9re \u00e9s el\u00e9r\u00e9s\u00e9re (pl. sz\u00e1m\u00edt\u00f3g\u00e9p, okostelefon, t\u00e1blag\u00e9p stb.) bizonyosodj meg r\u00f3la, hogy minden egyes b\u00f6ng\u00e9sz\u0151 ezeken az eszk\u00f6z\u00f6k\u00f6n a te s\u00fcti ig\u00e9nyeidnek megfelel\u0151en ker\u00fclt be\u00e1ll\u00edt\u00e1sra.<\/p>\n<p>A honlapokon \u2013 hozz\u00e1j\u00e1rul\u00e1s eset\u00e9n \u2013 alkalmazunk szem\u00e9lyes adatokat t\u00e1rol\u00f3 s\u00fctiket is. Ezek eset\u00e9ben:<\/p>\n<p><strong>A kezelt szem\u00e9lyes adatok:<\/strong>\u00a0\u2026<\/p>\n<p><strong>Az adatkezel\u00e9s c\u00e9lja:<\/strong>\u00a0a felhaszn\u00e1l\u00f3k azonos\u00edt\u00e1sa, nyomon k\u00f6vet\u00e9se, egym\u00e1st\u00f3l val\u00f3 megk\u00fcl\u00f6nb\u00f6ztet\u00e9se, a felhaszn\u00e1l\u00f3k aktu\u00e1lis munkamenet\u00e9nek azonos\u00edt\u00e1sa, az annak sor\u00e1n megadott adatok t\u00e1rol\u00e1sa, a honlapl\u00e1togat\u00e1s sor\u00e1n r\u00f6gz\u00edtett adatok felhaszn\u00e1l\u00e1s\u00e1val szem\u00e9lyre szabott aj\u00e1nlatok megjelen\u00edt\u00e9se.<\/p>\n<p><strong>Az adatkezel\u00e9s jogalapja:\u00a0<\/strong>az \u00e9rintett \u00f6nk\u00e9ntes hozz\u00e1j\u00e1rul\u00e1sa.<\/p>\n<p><strong>Az adatkezel\u00e9s id\u0151tartama:\u00a0<\/strong>l\u00e1sd a Cookie szab\u00e1lyzatban.<\/p>\n<p><strong>A honlapokon haszn\u00e1lt s\u00fctikr\u0151l r\u00e9szletes t\u00e1j\u00e9koztat\u00e1s a Cookie szab\u00e1lyzatban tal\u00e1lhat\u00f3.<\/strong><\/p>\n<ol start=\"2\" type=\"A\">\n<li><strong>Profilalkot\u00e1s<\/strong><\/li>\n<\/ol>\n<p>Profilalkot\u00e1snak nevezik a term\u00e9szetes szem\u00e9lyekre vonatkoz\u00f3 szem\u00e9lyes jellemz\u0151k b\u00e1rmilyen automatiz\u00e1lt szem\u00e9lyes adatok kezel\u00e9se keret\u00e9ben t\u00f6rt\u00e9n\u0151 ki\u00e9rt\u00e9kel\u00e9s\u00e9t, k\u00fcl\u00f6n\u00f6sen az \u00e9rintett szem\u00e9lyes preferenci\u00e1ira vagy \u00e9rdekl\u0151d\u00e9si k\u00f6r\u00f6kre, tart\u00f3zkod\u00e1si hely\u00e9re vagy mozg\u00e1s\u00e1ra vonatkoz\u00f3 jellemz\u0151k elemz\u00e9s\u00e9re \u00e9s el\u0151rejelz\u00e9s\u00e9re.<\/p>\n<p><strong>A profilalkot\u00e1s seg\u00edts\u00e9g\u00e9vel a Szolg\u00e1ltat\u00f3 c\u00e9lzott, szem\u00e9lyre szabott aj\u00e1nlatokat, \u00fczeneteket tud k\u00fcldeni a felhaszn\u00e1l\u00f3knak azok kor\u00e1bbi rendel\u00e9se \u00e9s online viselked\u00e9se alapj\u00e1n.<\/strong><\/p>\n<p>A profilalkot\u00e1shoz sz\u00fcks\u00e9ges adatok az al\u00e1bbi tev\u00e9kenys\u00e9gekkel juthatnak a Szolg\u00e1ltat\u00f3hoz:<\/p>\n<ul type=\"disc\">\n<li>\u0171rlapok kit\u00f6lt\u00e9se: n\u00e9v, e-mail c\u00edm, sz\u00fclet\u00e9si d\u00e1tum, nem, c\u00e9l (mi a c\u00e9lja a t\u00e1pl\u00e1l\u00e9k-kieg\u00e9sz\u00edt\u0151 term\u00e9kek fogyaszt\u00e1s\u00e1val? pl.: sz\u00e1lk\u00e1s\u00edt\u00e1s, di\u00e9ta, t\u00f6megn\u00f6vel\u00e9s).<\/li>\n<li>webshopos v\u00e1s\u00e1rl\u00e1s: v\u00e1s\u00e1rl\u00e1si adatok (mit, mikor, mennyi\u00e9rt, honnan, fizet\u00e9si m\u00f3d).<\/li>\n<li>weboldalon val\u00f3 b\u00f6ng\u00e9sz\u00e9s, viselked\u00e9s: oldalhaszn\u00e1lat (a l\u00e1togatott oldal term\u00e9koldal, kateg\u00f3ria oldal, kos\u00e1rtartalom, keres\u00e9s).<\/li>\n<\/ul>\n<p>A v\u00e1s\u00e1rl\u00e1si \u00e9s a viselked\u00e9si adatok alapj\u00e1n az \u2026 mesters\u00e9ges intelligenci\u00e1val olyan adatokat \u00e1llap\u00edt meg a felhaszn\u00e1l\u00f3r\u00f3l, amelyeket felhaszn\u00e1lva a Szolg\u00e1ltat\u00f3 szegmenseket tud l\u00e9trehozni, amelyek alapj\u00e1n perszonaliz\u00e1lt kamp\u00e1nyokat futtathat.<\/p>\n<p><strong>A kezelt szem\u00e9lyes adatok:<\/strong>\u00a0<strong>a)<\/strong>\u00a0az \u00e9rintett\u0151l gy\u0171jt\u00f6tt: n\u00e9v, e-mail c\u00edm, v\u00e1ros, ir\u00e1ny\u00edt\u00f3sz\u00e1m, sz\u00fclet\u00e9si d\u00e1tum, telefonsz\u00e1m, nem, v\u00e1s\u00e1rl\u00e1si adatok, IP c\u00edm (amelyr\u0151l a regisztr\u00e1ci\u00f3 \u00e9rkezett);\u00a0<strong>b)\u00a0<\/strong>nem az \u00e9rintett\u0151l gy\u0171jt\u00f6tt, sz\u00e1rmaztatott adatok (predikci\u00f3 alapon, g\u00e9pi tanul\u00f3 algoritmus alapj\u00e1n): kedvenc term\u00e9kek, kedvenc kateg\u00f3ri\u00e1k, legutols\u00f3 webes l\u00e1togat\u00e1s ideje, id\u0151tartama;\u00a0<strong>c)<\/strong>\u00a0ezen fel\u00fcl vannak egy\u00e9b adatok, amikre a Szolg\u00e1ltat\u00f3 sz\u0171rni tud \u00e9s az alapj\u00e1n szegmenseket l\u00e9trehozni: e-mailekkel kapcsolatos interakci\u00f3 (nyit\u00e1s\/kattint\u00e1s\/affinit\u00e1s e-mail kateg\u00f3ri\u00e1kra, milyen eszk\u00f6zr\u0151l, melyik v\u00e1rosb\u00f3l kattintott\/nyitott), felhaszn\u00e1l\u00f3 v\u00e1s\u00e1rl\u00e1si \u00e9letciklusa, v\u00e1s\u00e1rl\u00f3i st\u00e1tusz (k\u00f6lt\u00e9s alapj\u00e1n), \u00e1tlagos k\u00f6lt\u00e9s.<\/p>\n<p><strong>Az adatkezel\u00e9s c\u00e9lja:\u00a0<\/strong>c\u00e9lzott, szem\u00e9lyre szabott aj\u00e1nlatok, \u00fczenetek k\u00fcld\u00e9se.<\/p>\n<p><strong>Az adatkezel\u00e9s jogalapja:<\/strong>\u00a0az \u00e9rintett \u00f6nk\u00e9ntes hozz\u00e1j\u00e1rul\u00e1sa. Az adatfeldolgoz\u00f3 a profilalkot\u00e1shoz a c\u00e9lz\u00e1s\/rekl\u00e1m s\u00fctiket haszn\u00e1lja; \u00edgy a profilalkot\u00e1shoz val\u00f3 hozz\u00e1j\u00e1rul\u00e1s, illetve hozz\u00e1 nem j\u00e1rul\u00e1s a Cookie szab\u00e1lyzat elfogad\u00e1sa sor\u00e1n a c\u00e9lz\u00e1s\/rekl\u00e1m s\u00fctik haszn\u00e1lat\u00e1hoz val\u00f3 hozz\u00e1j\u00e1rul\u00e1s megad\u00e1s\u00e1val vagy meg nem ad\u00e1s\u00e1val fejezhet\u0151 ki.<\/p>\n<p><strong>Az adatkezel\u00e9s id\u0151tartama:<\/strong>\u00a0az \u00e9rintett hozz\u00e1j\u00e1rul\u00e1s\u00e1nak visszavon\u00e1s\u00e1ig. Annak biztos\u00edt\u00e1sa \u00e9rdek\u00e9ben, hogy a szem\u00e9lyes adatok t\u00e1rol\u00e1sa a sz\u00fcks\u00e9ges id\u0151tartamra korl\u00e1toz\u00f3djon, az adatkezel\u0151 a hozz\u00e1j\u00e1rul\u00e1s visszavon\u00e1sa n\u00e9lk\u00fcl is t\u00f6rli a szem\u00e9lyes adatokat azok megad\u00e1s\u00e1t\u00f3l sz\u00e1m\u00edtott 3 \u00e9v eltelt\u00e9vel.<\/p>\n<ol start=\"3\" type=\"A\">\n<li><strong>Remarketing<\/strong><\/li>\n<\/ol>\n<p><strong>A remarketing lehet\u0151v\u00e9 teszi, hogy a Szolg\u00e1lat\u00f3 hirdet\u00e9seket jelen\u00edtsen meg olyan szem\u00e9lyeknek, akik kor\u00e1bban m\u00e1r megl\u00e1togatt\u00e1k a honlapj\u00e1t, illetve megadt\u00e1k az e-mail c\u00edm\u00fcket.<\/strong><\/p>\n<p><strong>A kezelt szem\u00e9lyes adatok:\u00a0<\/strong>e-mail c\u00edm, v\u00e1s\u00e1rl\u00e1si adatok.<\/p>\n<p><strong>Az adatkezel\u00e9s c\u00e9lja:\u00a0<\/strong>hirdet\u00e9sek megjelen\u00edt\u00e9se kor\u00e1bbi felhaszn\u00e1l\u00f3k sz\u00e1m\u00e1ra a Facebook-on, valamint a Google-on.<\/p>\n<p><strong>Az adatkezel\u00e9s jogalapja:\u00a0<\/strong>a Szolg\u00e1ltat\u00f3 jogos \u00e9rdeke (k\u00f6zvetlen \u00fczletszerz\u00e9s). A felhaszn\u00e1l\u00f3 e-mail c\u00edme a *** sor\u00e1n, *** jogalapon ker\u00fcl a Szolg\u00e1ltat\u00f3hoz.<\/p>\n<p><strong>Az adatkezel\u00e9s id\u0151tartama:\u00a0<\/strong>az \u00e9rintett jogosult arra, hogy b\u00e1rmikor tiltakozzon a r\u00e1 vonatkoz\u00f3 szem\u00e9lyes adatok\u00a0<strong>remarketing\u00a0<\/strong>c\u00e9lb\u00f3l t\u00f6rt\u00e9n\u0151 kezel\u00e9se ellen. Annak biztos\u00edt\u00e1sa \u00e9rdek\u00e9ben, hogy a szem\u00e9lyes adatok t\u00e1rol\u00e1sa a sz\u00fcks\u00e9ges id\u0151tartamra korl\u00e1toz\u00f3djon, az adatkezel\u0151 tiltakoz\u00e1s beny\u00fajt\u00e1sa n\u00e9lk\u00fcl is t\u00f6rli a szem\u00e9lyes adatokat azok megad\u00e1s\u00e1t\u00f3l sz\u00e1m\u00edtott 3 \u00e9v eltelt\u00e9vel.<\/p>\n<ol start=\"4\" type=\"A\">\n<li><strong>Egy\u00e9b<\/strong><\/li>\n<\/ol>\n<p>Az Adatkezel\u0151 online marketing tev\u00e9kenys\u00e9g\u00e9t megb\u00edzott v\u00e1llalkoz\u00f3k is koordin\u00e1lj\u00e1k, akik tev\u00e9kenys\u00e9g\u00fckkel \u00f6sszef\u00fcgg\u00e9sben hozz\u00e1f\u00e9rnek az Adatkezel\u0151 \u00e1ltal t\u00e1rolt \u00e9s kezelt szem\u00e9lyes adatokhoz, melyeket kiz\u00e1r\u00f3lag az adatgy\u0171jt\u00e9si c\u00e9lnak megfelel\u0151en \u00e9s az adatkezel\u00e9si \u00e9s adatv\u00e9delmi el\u0151\u00edr\u00e1sok betart\u00e1s\u00e1val kezelnek:<\/p>\n<p>E t\u00e1j\u00e9koztat\u00f3ban fel nem sorolt adatkezel\u00e9sekr\u0151l az adat felv\u00e9telekor adunk t\u00e1j\u00e9koztat\u00e1st.<br \/>T\u00e1j\u00e9koztatjuk a Honlap l\u00e1togat\u00f3it, hogy a b\u00edr\u00f3s\u00e1g, az \u00fcgy\u00e9szs\u00e9g, a nyomoz\u00f3 hat\u00f3s\u00e1g, a szab\u00e1lys\u00e9rt\u00e9si hat\u00f3s\u00e1g, a k\u00f6zigazgat\u00e1si hat\u00f3s\u00e1g, a Nemzeti Adatv\u00e9delmi \u00e9s Inform\u00e1ci\u00f3szabads\u00e1g Hat\u00f3s\u00e1g, illet\u0151leg jogszab\u00e1ly felhatalmaz\u00e1sa alapj\u00e1n m\u00e1s szervek t\u00e1j\u00e9koztat\u00e1s ad\u00e1sa, adatok k\u00f6zl\u00e9se, \u00e1tad\u00e1sa, illet\u0151leg iratok rendelkez\u00e9sre bocs\u00e1t\u00e1sa v\u00e9gett megkereshetik az Adatkezel\u0151t.<\/p>\n<p>Az Adatkezel\u0151 a hat\u00f3s\u00e1gok r\u00e9sz\u00e9re \u2013 amennyiben a hat\u00f3s\u00e1g a pontos c\u00e9lt \u00e9s az adatok k\u00f6r\u00e9t megjel\u00f6lte \u2013 szem\u00e9lyes adatot csak annyit \u00e9s olyan m\u00e9rt\u00e9kben ad ki, amely a megkeres\u00e9s c\u00e9lj\u00e1nak megval\u00f3s\u00edt\u00e1s\u00e1hoz elengedhetetlen\u00fcl sz\u00fcks\u00e9ges.<\/p>\n<ol start=\"7\" type=\"I\">\n<li><strong>A Honlap l\u00e1togat\u00f3k, felhaszn\u00e1l\u00f3k adatkezel\u00e9ssel kapcsolatos jogai<\/strong><\/li>\n<\/ol>\n<p>A felhaszn\u00e1l\u00f3 ingyenes\u00a0<strong>t\u00e1j\u00e9koztat\u00e1st k\u00e9rhet<\/strong>\u00a0szem\u00e9lyes adatai kezel\u00e9s\u00e9nek r\u00e9szleteir\u0151l, valamint k\u00e9rheti azok\u00a0<strong>helyesb\u00edt\u00e9s\u00e9t, t\u00f6rl\u00e9s\u00e9t, kezel\u00e9s\u00e9nek korl\u00e1toz\u00e1s\u00e1t \u00e9s tiltakozhat<\/strong>\u00a0az ilyen szem\u00e9lyes adatok kezel\u00e9seellen. A k\u00e9relmeket az Adatkezel\u0151 II. pontban \u00edrt el\u00e9rhet\u0151s\u00e9gein lehet beny\u00fajtani.<\/p>\n<p>Az Adatkezel\u0151 minden olyan c\u00edmzettet (adatfeldolgoz\u00f3t) t\u00e1j\u00e9koztat a helyesb\u00edt\u00e9sr\u0151l, t\u00f6rl\u00e9sr\u0151l vagy adatkezel\u00e9s-korl\u00e1toz\u00e1sr\u00f3l, akivel, illetve amellyel a szem\u00e9lyes adatot k\u00f6z\u00f6lte, kiv\u00e9ve, ha ez lehetetlennek bizonyul vagy ar\u00e1nytalanul nagy er\u0151fesz\u00edt\u00e9st ig\u00e9nyel. A felhaszn\u00e1l\u00f3 k\u00e9r\u00e9s\u00e9re az Adatkezel\u0151 t\u00e1j\u00e9koztatja e c\u00edmzettekr\u0151l.<\/p>\n<p>Az Adatkezel\u0151 indokolatlan k\u00e9sedelem n\u00e9lk\u00fcl, de mindenf\u00e9lek\u00e9ppen a k\u00e9relem be\u00e9rkez\u00e9s\u00e9t\u0151l sz\u00e1m\u00edtott\u00a0<strong>egy h\u00f3napon bel\u00fcl<\/strong>\u00a0t\u00e1j\u00e9koztatja a felhaszn\u00e1l\u00f3t az al\u00e1bbi a)-f) pontok szerinti k\u00e9relem nyom\u00e1n hozott int\u00e9zked\u00e9sekr\u0151l. Sz\u00fcks\u00e9g eset\u00e9n, figyelembe v\u00e9ve a k\u00e9relem \u00f6sszetetts\u00e9g\u00e9t \u00e9s a k\u00e9relmek sz\u00e1m\u00e1t, ez a hat\u00e1rid\u0151 tov\u00e1bbi k\u00e9t h\u00f3nappal\u00a0<strong>meghosszabb\u00edthat\u00f3<\/strong>. A hat\u00e1rid\u0151 meghosszabb\u00edt\u00e1s\u00e1r\u00f3l az Adatkezel\u0151 a k\u00e9sedelem okainak megjel\u00f6l\u00e9s\u00e9vel a k\u00e9relem k\u00e9zhezv\u00e9tel\u00e9t\u0151l sz\u00e1m\u00edtott egy h\u00f3napon bel\u00fcl t\u00e1j\u00e9koztatja a felhaszn\u00e1l\u00f3t.<\/p>\n<p>Ha a felhaszn\u00e1l\u00f3 elektronikus \u00faton ny\u00fajtotta be a k\u00e9relmet, a t\u00e1j\u00e9koztat\u00e1st az Adatkezel\u0151 elektronikus \u00faton adja meg, kiv\u00e9ve, ha a felhaszn\u00e1l\u00f3 azt m\u00e1sk\u00e9nt k\u00e9ri.<\/p>\n<p>Ha az Adatkezel\u0151 nem tesz int\u00e9zked\u00e9seket a felhaszn\u00e1l\u00f3 k\u00e9relme nyom\u00e1n, k\u00e9sedelem n\u00e9lk\u00fcl, de legk\u00e9s\u0151bb a k\u00e9relem be\u00e9rkez\u00e9s\u00e9t\u0151l sz\u00e1m\u00edtott egy h\u00f3napon bel\u00fcl t\u00e1j\u00e9koztatja a felhaszn\u00e1l\u00f3t az int\u00e9zked\u00e9s elmarad\u00e1s\u00e1nak okair\u00f3l, valamint arr\u00f3l, hogy a felhaszn\u00e1l\u00f3 panaszt ny\u00fajthat be valamely fel\u00fcgyeleti hat\u00f3s\u00e1gn\u00e1l \u00e9s \u00e9lhet b\u00edr\u00f3s\u00e1gi jogorvoslati jog\u00e1val.<\/p>\n<ol start=\"1\" type=\"a\">\n<li><strong>Hozz\u00e1f\u00e9r\u00e9si jog:<\/strong>\u00a0a felhaszn\u00e1l\u00f3 jogosult arra, hogy az Adatkezel\u0151t\u0151l visszajelz\u00e9st k\u00e9rjen arr\u00f3l, hogy szem\u00e9lyes adatainak kezel\u00e9se folyamatban van-e, \u00e9s ha ilyen adatkezel\u00e9s folyamatban van, jogosult arra, hogy a szem\u00e9lyes adatokhoz \u00e9s a k\u00f6vetkez\u0151 inform\u00e1ci\u00f3khoz hozz\u00e1f\u00e9r\u00e9st kapjon: az adatkezel\u00e9s c\u00e9lja, az \u00e9rintett szem\u00e9lyes adatok kateg\u00f3ri\u00e1i, adatfeldolgoz\u00f3k, adatkezel\u00e9s id\u0151tartama, ha az adatokat az Adatkezel\u0151 nem a felhaszn\u00e1l\u00f3t\u00f3l gy\u0171jt\u00f6tte, a forr\u00e1sukra vonatkoz\u00f3 minden el\u00e9rhet\u0151 inform\u00e1ci\u00f3.<\/li>\n<\/ol>\n<ol start=\"2\" type=\"a\">\n<li><strong>Helyesb\u00edt\u00e9shez val\u00f3 jog:<\/strong>\u00a0a felhaszn\u00e1l\u00f3 jogosult arra, hogy k\u00e9r\u00e9s\u00e9re az Adatkezel\u0151 indokolatlan k\u00e9sedelem n\u00e9lk\u00fcl helyesb\u00edtse a r\u00e1 vonatkoz\u00f3 pontatlan szem\u00e9lyes adatokat. Figyelembe v\u00e9ve az adatkezel\u00e9s c\u00e9lj\u00e1t, a felhaszn\u00e1l\u00f3 jogosult arra, hogy k\u00e9rje a hi\u00e1nyos szem\u00e9lyes adatok kieg\u00e9sz\u00edt\u00e9s\u00e9t.<\/li>\n<\/ol>\n<ol start=\"3\" type=\"a\">\n<li><strong>T\u00f6rl\u00e9shez val\u00f3 jog (\u201eelfeledtet\u00e9shez val\u00f3 jog\u201d):<\/strong>\u00a0a felhaszn\u00e1l\u00f3 jogosult arra, hogy k\u00e9r\u00e9s\u00e9re az Adatkezel\u0151 indokolatlan k\u00e9sedelem n\u00e9lk\u00fcl t\u00f6r\u00f6lje a r\u00e1 vonatkoz\u00f3 szem\u00e9lyes adatokat, az Adatkezel\u0151 pedig k\u00f6teles arra, hogy a felhaszn\u00e1l\u00f3ra vonatkoz\u00f3 szem\u00e9lyes adatokat indokolatlan k\u00e9sedelem n\u00e9lk\u00fcl t\u00f6r\u00f6lje, ha a szem\u00e9lyes adatokra m\u00e1r nincs sz\u00fcks\u00e9g abb\u00f3l a c\u00e9lb\u00f3l, amelyb\u0151l azokat gy\u0171jt\u00f6tt\u00e9k vagy m\u00e1s m\u00f3don kezelt\u00e9k; a felhaszn\u00e1l\u00f3 visszavonja a hozz\u00e1j\u00e1rul\u00e1s\u00e1t \u00e9s az adatkezel\u00e9snek nincs m\u00e1s jogalapja; a felhaszn\u00e1l\u00f3 tiltakozik az adatkezel\u00e9s ellen; a szem\u00e9lyes adatokat jogellenesen kezelt\u00e9k; a szem\u00e9lyes adatokat az Adatkezel\u0151re alkalmazand\u00f3 uni\u00f3s vagy tag\u00e1llami jogban el\u0151\u00edrt jogi k\u00f6telezetts\u00e9g teljes\u00edt\u00e9s\u00e9hez t\u00f6r\u00f6lni kell.<\/li>\n<\/ol>\n<p>Ha az Adatkezel\u0151 nyilv\u00e1noss\u00e1gra hozta a szem\u00e9lyes adatot \u00e9s azt t\u00f6r\u00f6lni k\u00f6teles, megteszi az \u00e9szszer\u0171en elv\u00e1rhat\u00f3 l\u00e9p\u00e9seket annak \u00e9rdek\u00e9ben, hogy t\u00e1j\u00e9koztassa az adatokat kezel\u0151 adatkezel\u0151ket, hogy a felhaszn\u00e1l\u00f3 k\u00e9relmezte a szem\u00e9lyes adatokra mutat\u00f3 linkek vagy e szem\u00e9lyes adatok m\u00e1solat\u00e1nak, illetve m\u00e1sodp\u00e9ld\u00e1ny\u00e1nak t\u00f6rl\u00e9s\u00e9t.<\/p>\n<ol start=\"4\" type=\"a\">\n<li><strong>Tiltakoz\u00e1shoz val\u00f3 jog:<\/strong>\u00a0a felhaszn\u00e1l\u00f3 jogosult arra, hogy b\u00e1rmikor tiltakozzon szem\u00e9lyes adatainak az Adatkezel\u0151 jogos \u00e9rdek\u00e9n alapul\u00f3 kezel\u00e9se ellen. Ebben az esetben az Adatkezel\u0151 a szem\u00e9lyes adatokat nem kezelheti tov\u00e1bb, kiv\u00e9ve, ha bizony\u00edtja, hogy az adatkezel\u00e9st olyan k\u00e9nyszer\u00edt\u0151 erej\u0171 jogos okok indokolj\u00e1k, amelyek els\u0151bbs\u00e9get \u00e9lveznek a felhaszn\u00e1l\u00f3 \u00e9rdekeivel, jogaival \u00e9s szabads\u00e1gaival szemben, vagy amelyek jogi ig\u00e9nyek el\u0151terjeszt\u00e9s\u00e9hez, \u00e9rv\u00e9nyes\u00edt\u00e9s\u00e9hez vagy v\u00e9delm\u00e9hez kapcsol\u00f3dnak. Ha a szem\u00e9lyes adatok kezel\u00e9se k\u00f6zvetlen \u00fczletszerz\u00e9s \u00e9rdek\u00e9ben t\u00f6rt\u00e9nik, a felhaszn\u00e1l\u00f3 jogosult arra, hogy b\u00e1rmikor tiltakozzon a r\u00e1 vonatkoz\u00f3 szem\u00e9lyes adatok e c\u00e9lb\u00f3l t\u00f6rt\u00e9n\u0151 kezel\u00e9se ellen, ide\u00e9rtve a profilalkot\u00e1st is, amennyiben az a k\u00f6zvetlen \u00fczletszerz\u00e9shez kapcsol\u00f3dik.<\/li>\n<\/ol>\n<ol start=\"5\" type=\"a\">\n<li><strong>Adatkezel\u00e9s korl\u00e1toz\u00e1s\u00e1hoz val\u00f3 jog:<\/strong>\u00a0a felhaszn\u00e1l\u00f3 jogosult arra, hogy k\u00e9r\u00e9s\u00e9re az Adatkezel\u0151 korl\u00e1tozza az adatkezel\u00e9st, ha a felhaszn\u00e1l\u00f3 vitatja a szem\u00e9lyes adatok pontoss\u00e1g\u00e1t; az adatkezel\u00e9s jogellenes; az Adatkezel\u0151nek m\u00e1r nincs sz\u00fcks\u00e9ge a szem\u00e9lyes adatokra adatkezel\u00e9s c\u00e9lj\u00e1b\u00f3l, de a felhaszn\u00e1l\u00f3 ig\u00e9nyli azokat jogi ig\u00e9nyek el\u0151terjeszt\u00e9s\u00e9hez, \u00e9rv\u00e9nyes\u00edt\u00e9s\u00e9hez vagy v\u00e9delm\u00e9hez; a felhaszn\u00e1l\u00f3 tiltakozott az adatkezel\u00e9s ellen. Ha az adatkezel\u00e9s korl\u00e1toz\u00e1s al\u00e1 esik, az ilyen szem\u00e9lyes adatokat a t\u00e1rol\u00e1s kiv\u00e9tel\u00e9vel csak a felhaszn\u00e1l\u00f3 hozz\u00e1j\u00e1rul\u00e1s\u00e1val vagy jogi ig\u00e9nyek el\u0151terjeszt\u00e9s\u00e9hez, \u00e9rv\u00e9nyes\u00edt\u00e9s\u00e9hez vagy v\u00e9delm\u00e9hez, vagy m\u00e1s term\u00e9szetes vagy jogi szem\u00e9ly jogainak v\u00e9delme \u00e9rdek\u00e9ben, vagy az Uni\u00f3, illetve valamely tag\u00e1llam fontos k\u00f6z\u00e9rdek\u00e9b\u0151l lehet kezelni.<\/li>\n<\/ol>\n<ol start=\"6\" type=\"a\">\n<li><strong>Adathordozhat\u00f3s\u00e1ghoz val\u00f3 jog:<\/strong>\u00a0ha az adatkezel\u00e9s hozz\u00e1j\u00e1rul\u00e1son vagy szerz\u0151d\u00e9sen, szerz\u0151d\u00e9s teljes\u00edt\u00e9se \u00e9rdek\u00e9ben alapul \u00e9s az adatkezel\u00e9s automatiz\u00e1lt m\u00f3don t\u00f6rt\u00e9nik, a felhaszn\u00e1l\u00f3 jogosult arra, hogy a r\u00e1 vonatkoz\u00f3, \u00e1ltala megadott szem\u00e9lyes adatokat tagolt, sz\u00e9les k\u00f6rben haszn\u00e1lt, g\u00e9ppel olvashat\u00f3 form\u00e1tumban megkapja, tov\u00e1bb\u00e1 jogosult arra, hogy ezeket az adatokat egy m\u00e1sik adatkezel\u0151nek tov\u00e1bb\u00edtsa an\u00e9lk\u00fcl, hogy ezt akad\u00e1lyozn\u00e1 az Adatkezel\u0151.<\/li>\n<\/ol>\n<ol start=\"8\" type=\"I\">\n<li><strong>A szem\u00e9lyes adatok t\u00e1rol\u00e1s\u00e1nak m\u00f3dja, az adatkezel\u00e9s biztons\u00e1ga<\/strong><\/li>\n<\/ol>\n<p>Az Adatkezel\u0151 szervereit megb\u00edzott c\u00e9g \u00fczemelteti \u00e9s felmer\u00fcl\u0151 probl\u00e9ma eset\u00e9n karbantartja:<\/p>\n<p>Az Adatkezel\u0151 szerverszolg\u00e1ltat\u00e1st vesz ig\u00e9nybe, melyet tov\u00e1bbi megb\u00edzott c\u00e9g \u00fczemeltet \u00e9s felmer\u00fcl\u0151 probl\u00e9ma eset\u00e9n karbantart:<\/p>\n<p><strong>Google Inc.,<\/strong><\/p>\n<p>1600 Amphitheatre Parkway,<\/p>\n<p>Mountain View,<\/p>\n<p>CA 94043,<\/p>\n<p>+1 650-253-0000<\/p>\n<p>Szolg\u00e1ltat\u00f3 a Google r\u00e9sz\u00e9re a Honlap l\u00e1togat\u00e1s\u00e1val \u00f6sszef\u00fcgg\u0151 esem\u00e9nyek adatait (kattint\u00e1sok; oldallet\u00f6lt\u00e9sek; v\u00e1s\u00e1rl\u00e1s id\u0151pontja, v\u00e1s\u00e1rolt t\u00e9telek \u00e9s \u00e1raik), valamint a Felhaszn\u00e1l\u00f3 elektronikus levelez\u00e9si c\u00edm\u00e9t tov\u00e1bb\u00edtja. Ezek az adatok a Honlap szolg\u00e1ltat\u00e1sainak jav\u00edt\u00e1s\u00e1ban, statisztikai adatok elk\u00e9sz\u00edt\u00e9s\u00e9ben, valamint a Szolg\u00e1ltat\u00f3 marketing-kamp\u00e1nyainak szem\u00e9lyre szab\u00e1s\u00e1ban j\u00e1tszanak szerepet.<\/p>\n<p><strong>Facebook Ireland Ltd.,<\/strong><\/p>\n<p>4 Grand Canal Square,<\/p>\n<p>Grand Canal Harbour,<\/p>\n<p>Dublin 2 Ireland<\/p>\n<p>Szolg\u00e1ltat\u00f3 a Facebook r\u00e9sz\u00e9re a Honlap l\u00e1togat\u00e1s\u00e1val \u00f6sszef\u00fcgg\u0151 esem\u00e9nyek adatait (kattint\u00e1sok; oldallet\u00f6lt\u00e9sek; v\u00e1s\u00e1rl\u00e1s id\u0151pontja, v\u00e1s\u00e1rolt t\u00e9telek \u00e9s \u00e1raik), valamint a Felhaszn\u00e1l\u00f3 elektronikus levelez\u00e9si c\u00edm\u00e9t tov\u00e1bb\u00edtja. Ezek az adatok a Honlap szolg\u00e1ltat\u00e1sainak jav\u00edt\u00e1s\u00e1ban, statisztikai adatok elk\u00e9sz\u00edt\u00e9s\u00e9ben, valamint a Szolg\u00e1ltat\u00f3 marketing-kamp\u00e1nyainak szem\u00e9lyre szab\u00e1s\u00e1ban j\u00e1tszanak szerepet.<\/p>\n<p><strong>SalesAutopilot Kft.<\/strong><\/p>\n<p>Szolg\u00e1ltat\u00e1s: MailMaster \/ SalesAutopilot<\/p>\n<p>Ad\u00f3sz\u00e1m: 25743500-2-41<\/p>\n<p>C\u00e9gjegyz\u00e9k sz\u00e1m: Cg. 01 09 286773<\/p>\n<p>Sz\u00e9khely: 1024 Budapest, Margit krt. 31-33. f\u00e9lemelet 4.<\/p>\n<p>Postac\u00edm: SalesAutopilot Kft. 1538 Budapest, Pf. 515.<\/p>\n<p>Tel: (+36) 1 490 0172<\/p>\n<p>Adatkezel\u00e9sek nyilv\u00e1ntart\u00e1si sz\u00e1mai: NAIH-62272\/2013, NAIH-62273\/2013, NAIH-62274\/2013, NAIH-62275\/2013, NAIH-62276\/2013, NAIH-62277\/2013<\/p>\n<p>T\u00e1rhely szolg\u00e1ltat\u00f3: Amazon Web Services, Inc.<\/p>\n<p>Szolg\u00e1ltat\u00f3 a Mailmaster r\u00e9sz\u00e9re szem\u00e9lyes adatokat (N\u00e9v, elektronikus levelez\u00e9si c\u00edm, telefonsz\u00e1m, \u00e9letkor, v\u00e1s\u00e1rolt t\u00e9telek neve \u00e9s \u00e1ra), illetve egy\u00e9b nem szem\u00e9lyes adatokat tov\u00e1bb\u00edt. Az adatokat szem\u00e9lyre szabott aj\u00e1nlatok k\u00f6zvet\u00edt\u00e9s\u00e9nek c\u00e9lj\u00e1b\u00f3l tov\u00e1bb\u00edtjuk.<\/p>\n<p><strong>Webshop Marketing Kft.<\/strong><\/p>\n<p>Sz\u00e9khely: 4028 Debrecen, Kassai \u00fat 129.<\/p>\n<p>C\u00e9gjegyz\u00e9ksz\u00e1m: 09-09-024017<\/p>\n<p>A bejegyz\u0151 b\u00edr\u00f3s\u00e1g megnevez\u00e9se: Hajd\u00fa Bihar megyei b\u00edr\u00f3s\u00e1g, mint c\u00e9gb\u00edr\u00f3s\u00e1g<\/p>\n<p>Ad\u00f3sz\u00e1m: 24201243-2-09<\/p>\n<p>E-mail: info@shoprenter.hu<\/p>\n<p>Szolg\u00e1ltat\u00f3 a web\u00e1ruh\u00e1z szolg\u00e1ltat\u00e1s ell\u00e1t\u00e1s\u00e1t adja. Szem\u00e9lyes adatit a szolg\u00e1ltat\u00f3 szerverein t\u00e1roljuk. (N\u00e9v, elektronikus levelez\u00e9si c\u00edm, telefonsz\u00e1m, \u00e9letkor, v\u00e1s\u00e1rolt t\u00e9telek neve \u00e9s \u00e1ra, rendel\u00e9s azonos\u00edt\u00f3)<\/p>\n<p><strong>Sztavronikolopulos Tam\u00e1s E.V.<\/strong><\/p>\n<p>Szolg\u00e1ltat\u00e1s: Weboldalak \/ \u00c9rt\u00e9kes\u00edt\u0151 rendszer<\/p>\n<p>Ad\u00f3sz\u00e1m: 66939900-2-33<\/p>\n<p>Nyilv\u00e1ntart\u00e1si sz\u00e1m: 41231295<\/p>\n<p>Sz\u00e9khely: 2119 P\u00e9cel, K\u00f6k\u00e9ny utca 14.<\/p>\n<p>Postac\u00edm: Sztavronikolopulos Tam\u00e1s, 2119 P\u00e9cel, K\u00f6k\u00e9ny utca 14.<\/p>\n<p>Tel: (+36) 30 294 96 00<\/p>\n<p>K\u00f6zponti CMS rendszer supportja.<\/p>\n<p>Az Adatkezel\u0151 a technol\u00f3gia \u00e1ll\u00e1sa \u00e9s a megval\u00f3s\u00edt\u00e1s k\u00f6lts\u00e9gei, tov\u00e1bb\u00e1 az adatkezel\u00e9s jellege, hat\u00f3k\u00f6re, k\u00f6r\u00fclm\u00e9nyei \u00e9s c\u00e9ljai, valamint a term\u00e9szetes szem\u00e9lyek jogaira \u00e9s szabads\u00e1gaira jelentett, v\u00e1ltoz\u00f3 val\u00f3sz\u00edn\u0171s\u00e9g\u0171 \u00e9s s\u00falyoss\u00e1g\u00fa kock\u00e1zat figyelembev\u00e9tel\u00e9vel megfelel\u0151 technikai \u00e9s szervez\u00e9si int\u00e9zked\u00e9seket hajt v\u00e9gre annak \u00e9rdek\u00e9ben, hogy a kock\u00e1zat m\u00e9rt\u00e9k\u00e9nek megfelel\u0151 szint\u0171 adatbiztons\u00e1got garant\u00e1lja.<\/p>\n<p>Az Adatkezel\u0151 az adatokat megfelel\u0151 int\u00e9zked\u00e9sekkel v\u00e9di k\u00fcl\u00f6n\u00f6sen a jogosulatlan hozz\u00e1f\u00e9r\u00e9s, megv\u00e1ltoztat\u00e1s, tov\u00e1bb\u00edt\u00e1s, nyilv\u00e1noss\u00e1gra hozatal, t\u00f6rl\u00e9s vagy megsemmis\u00edt\u00e9s, valamint a v\u00e9letlen megsemmis\u00fcl\u00e9s, s\u00e9r\u00fcl\u00e9s, tov\u00e1bb\u00e1 az alkalmazott technika megv\u00e1ltoz\u00e1s\u00e1b\u00f3l fakad\u00f3 hozz\u00e1f\u00e9rhetetlenn\u00e9 v\u00e1l\u00e1s ellen.<\/p>\n<p>Az Adatkezel\u0151 informatikai rendszere \u00e9s h\u00e1l\u00f3zata egyar\u00e1nt v\u00e9dett a sz\u00e1m\u00edt\u00f3g\u00e9ppel t\u00e1mogatott csal\u00e1s, k\u00e9mked\u00e9s, szabot\u00e1zs, vandalizmus, t\u0171z \u00e9s \u00e1rv\u00edz, tov\u00e1bb\u00e1 a sz\u00e1m\u00edt\u00f3g\u00e9pv\u00edrusok, a sz\u00e1m\u00edt\u00f3g\u00e9pes bet\u00f6r\u00e9sek \u00e9s a szolg\u00e1latmegtagad\u00e1sra vezet\u0151 t\u00e1mad\u00e1sok ellen. Adatkezel\u0151 a biztons\u00e1gr\u00f3l szerverszint\u0171 \u00e9s alkalmaz\u00e1sszint\u0171 v\u00e9delmi elj\u00e1r\u00e1sokkal gondoskodik.<\/p>\n<p>Az interneten tov\u00e1bb\u00edtott elektronikus \u00fczenetek, protokollt\u00f3l (e-mail, web, ftp, stb.) f\u00fcggetlen\u00fcl s\u00e9r\u00fcl\u00e9kenyek az olyan h\u00e1l\u00f3zati fenyeget\u00e9sekkel szemben, amelyek tisztess\u00e9gtelen tev\u00e9kenys\u00e9gre, szerz\u0151d\u00e9s vitat\u00e1s\u00e1ra vagy az inform\u00e1ci\u00f3 felfed\u00e9s\u00e9re, m\u00f3dos\u00edt\u00e1s\u00e1ra vezetnek. Az ilyen fenyeget\u00e9sekt\u0151l megv\u00e9dend\u0151 az Adatkezel\u0151 megtesz minden t\u0151le elv\u00e1rhat\u00f3 \u00f3vint\u00e9zked\u00e9st. A rendszereket megfigyeli annak \u00e9rdek\u00e9ben, hogy minden biztons\u00e1gi elt\u00e9r\u00e9st r\u00f6gz\u00edthessen \u00e9s bizony\u00edt\u00e9kkal szolg\u00e1lhasson minden biztons\u00e1gi esem\u00e9ny eset\u00e9ben. A rendszermegfigyel\u00e9s ezen k\u00edv\u00fcl lehet\u0151v\u00e9 teszi az alkalmazott \u00f3vint\u00e9zked\u00e9sek hat\u00e9konys\u00e1g\u00e1nak ellen\u0151rz\u00e9s\u00e9t is.<\/p>\n<p>Az Adatkezel\u0151 nyilv\u00e1ntartja az esetleges adatv\u00e9delmi incidenseket, felt\u00fcntetve az adatv\u00e9delmi incidenshez kapcsol\u00f3d\u00f3 t\u00e9nyeket, annak hat\u00e1sait \u00e9s az orvosl\u00e1s\u00e1ra tett int\u00e9zked\u00e9seket.<\/p>\n<ol start=\"9\" type=\"I\">\n<li><strong>\u00a0Panaszt\u00e9tel<\/strong><\/li>\n<\/ol>\n<p>Ha a felhaszn\u00e1l\u00f3 meg\u00edt\u00e9l\u00e9se szerint a r\u00e1 vonatkoz\u00f3 szem\u00e9lyes adatok kezel\u00e9se megs\u00e9rti az adatv\u00e9delemre vonatkoz\u00f3 jogszab\u00e1lyi el\u0151\u00edr\u00e1sokat, \u00fagy jogosult arra, hogy az Adatkezel\u0151 ellen b\u00edr\u00f3s\u00e1ghoz forduljon, valamint, hogy panaszt tegyen a fel\u00fcgyeleti hat\u00f3s\u00e1gn\u00e1l.<\/p>\n<p>Fel\u00fcgyeleti hat\u00f3s\u00e1g: Nemzeti Adatv\u00e9delmi \u00e9s Inform\u00e1ci\u00f3szabads\u00e1g Hat\u00f3s\u00e1g<\/p>\n<p>sz\u00e9khely: 1125 Budapest, Szil\u00e1gyi Erzs\u00e9bet fasor 22\/C.<\/p>\n<p>levelez\u00e9si c\u00edm: 1530 Budapest, Pf.: 5.<\/p>\n<p>telefon: +36 1 391-1400<\/p>\n<p>fax: 36 1 391-1410<\/p>\n<p>e-mail:\u00a0<a href=\"mailto:ugyfelszolgalat@naih.hu\">ugyfelszolgalat@naih.hu<\/a><\/p>\n<p>honlap:\u00a0<a href=\"https:\/\/naih.hu\/\">https:\/\/naih.hu\/<\/a><\/p>\n<p align=\"center\"><strong>ADATV\u00c9DELMI T\u00c1J\u00c9KOZTAT\u00d3<\/strong><\/p>\n<p align=\"center\"><em>H\u00cdRLEV\u00c9LK\u00dcLD\u00c9S<\/em><\/p>\n<p>A weboldalon valamint az Adatkezel\u0151 \u00e1ltal megalkotott egy\u00e9b, erre rendszeres\u00edtett online \u00e9s offline fel\u00fcleten lehet\u0151s\u00e9ged van feliratkozni az Adatkezel\u0151 szem\u00e9lyre szabott h\u00edrlev\u00e9l szolg\u00e1ltat\u00e1s\u00e1ra, amennyiben elm\u00falt\u00e1l 18 \u00e9ves. A feliratkoz\u00e1shoz \u00f6nk\u00e9ntesen \u00e9s kifejezetten hozz\u00e1 kell j\u00e1rulnod ahhoz, hogy az adatkezel\u0151 h\u00edrlevelet k\u00fcldj\u00f6n r\u00e9szedre. Az Adatkezel\u0151 csak az itt meghat\u00e1rozott szem\u00e9lyes adataidat haszn\u00e1lja fel h\u00edrlev\u00e9lk\u00fcld\u00e9s c\u00e9lj\u00e1b\u00f3l.<\/p>\n<p><strong>Adatkezel\u0151:<\/strong>\u00a0FOTO Rekl\u00e1m\u00fcgyn\u00f6ks\u00e9g Kft. (sz\u00e9khely: 6500 Baja, Moln\u00e1r utca 18 , c\u00e9gjegyz\u00e9ksz\u00e1m: 01-09-184229; ad\u00f3sz\u00e1m: 26302034-2-03 , el\u00e9rhet\u0151s\u00e9gek: levelez\u00e9si c\u00edm: 6500 Baja, Szegedi \u00fat 35, E-mail c\u00edm:\u00a0<a name=\"__DdeLink__622_1803056548\"><\/a>info@fotokft.hu, telefonsz\u00e1m: +36-30-575-7998)<\/p>\n<p>Adatv\u00e9delmi tisztvisel\u0151nk: F\u00f6ldv\u00e1ri Istv\u00e1n (c\u00edm: 6500 Baja. Moln\u00e1r utca 18. ; E-mail c\u00edm: info@fotokft.hu)<\/p>\n<p><strong>Kezelt adatok k\u00f6re:<\/strong><\/p>\n<p>1. K\u00f6telez\u0151en megadand\u00f3 adatok: n\u00e9v, e-mail c\u00edm, c\u00edm, telefonsz\u00e1m, sz\u00fclet\u00e9si id\u0151<\/p>\n<p>2. Az Adatkezel\u0151 \u00e1ltal minden esetben kezelt adatok: feliratkoz\u00e1s d\u00e1tuma, feliratkoz\u00e1s IP c\u00edme, feliratkoz\u00e1s meger\u0151s\u00edt\u00e9s\u00e9nek id\u0151pontja, meger\u0151s\u00edt\u00e9s IP c\u00edme, h\u00edrlev\u00e9l megnyit\u00e1sok, h\u00edrlevelekben tal\u00e1lhat\u00f3 linkekre t\u00f6rt\u00e9n\u0151 kattint\u00e1s, \u2026<\/p>\n<p>3. A jobb felhaszn\u00e1l\u00f3i \u00e9lm\u00e9ny\u00e9rt, a szem\u00e9lyesebb tartalm\u00fa h\u00edrlevelek\u00e9rt \u00f6nk\u00e9ntesen megadhat\u00f3 adatok: \u00e9rdekl\u0151d\u00e9si k\u00f6r<\/p>\n<p>4. A jobb felhaszn\u00e1l\u00f3i \u00e9lm\u00e9ny\u00e9rt, a szem\u00e9lyesebb tartalm\u00fa h\u00edrlevelek\u00e9rt sz\u00e1rmaztatott adatok: a weboldal adatv\u00e9delm\u00e9nek elfogad\u00e1s\u00e1val, s\u00fctik bekapcsol\u00e1s\u00e1val megszerzett adatok. Szolg\u00e1ltat\u00f3 a web\u00e1ruh\u00e1z szolg\u00e1ltat\u00e1s ell\u00e1t\u00e1s\u00e1t adja. Szem\u00e9lyes adatit a szolg\u00e1ltat\u00f3 szerverein t\u00e1roljuk. (N\u00e9v, elektronikus levelez\u00e9si c\u00edm, telefonsz\u00e1m, \u00e9letkor, v\u00e1s\u00e1rolt t\u00e9telek neve \u00e9s \u00e1ra, rendel\u00e9s azonos\u00edt\u00f3)<\/p>\n<p>Az anonim l\u00e1togat\u00f3azonos\u00edt\u00f3k (cookie-k, s\u00fctik) olyan f\u00e1jlok vagy inform\u00e1ci\u00f3darabok, amelyek a sz\u00e1m\u00edt\u00f3g\u00e9peden (vagy m\u00e1s internetk\u00e9pes k\u00e9sz\u00fcl\u00e9keiden, mint okostelefonodon vagy t\u00e1blag\u00e9peden) t\u00e1rol\u00f3dnak, amikor megl\u00e1togatod valamelyik honlapunkat. Egy s\u00fcti \u00e1ltal\u00e1ban tartalmazza a webhely nev\u00e9t, ahonnan az j\u00f6tt, a saj\u00e1t \u201e\u00e9lettartam\u00e1t\u201d (vagyis, hogy milyen hosszan marad a k\u00e9sz\u00fcl\u00e9keden) \u00e9s az \u00e9rt\u00e9k\u00e9t, ami \u00e1ltal\u00e1ban egy v\u00e9letlenszer\u0171en gener\u00e1lt egyedi sz\u00e1m.<\/p>\n<p>A s\u00fctiket arra haszn\u00e1ljuk, hogy a k\u00e9s\u0151bbiekben jobban testre lehessen szabni a honlapjainkat, a term\u00e9keinket az \u00e9rdekl\u0151d\u00e9sednek \u00e9s ig\u00e9nyeidnek megfelel\u0151en k\u00edn\u00e1ljuk sz\u00e1modra, ez\u00e1ltal k\u00f6nnyebb legyen oldalaink haszn\u00e1lata. A s\u00fctik seg\u00edtenek felgyors\u00edtani a j\u00f6v\u0151beni tev\u00e9kenys\u00e9geid \u00e9s jobb\u00e1 tenni az \u00e9lm\u00e9nyt oldalaink haszn\u00e1lata k\u00f6zben. A s\u00fctik anonim, \u00f6sszes\u00edtett statisztika k\u00e9sz\u00edt\u00e9s\u00e9re is alkalmasak, \u00edgy jobban meg\u00e9rthetj\u00fck, hogy az emberek hogyan haszn\u00e1lj\u00e1k az oldalainkat \u00e9s \u00edgy jav\u00edtani tudunk azok strukt\u00far\u00e1j\u00e1n \u00e9s tartalm\u00e1n. Ebb\u0151l az inform\u00e1ci\u00f3b\u00f3l nem tudunk t\u00e9ged szem\u00e9ly szerint azonos\u00edtani.<\/p>\n<p>K\u00e9tf\u00e9le s\u00fctit haszn\u00e1lhatunk a honlapjainkon, a munkamenet s\u00fctiket \u00e9s az \u00e1lland\u00f3 s\u00fctiket. A munkamenet s\u00fctik ideiglenesek, azaz addig maradnak a k\u00e9sz\u00fcl\u00e9keden, am\u00edg el nem hagyod a honlapunkat. Az \u00e1lland\u00f3 s\u00fctik sokkal tov\u00e1bb maradnak a k\u00e9sz\u00fcl\u00e9keden, el\u0151fordulhat, hogy eg\u00e9szen addig, am\u00edg manu\u00e1lisan ki nem t\u00f6rl\u00f6d \u0151ket.<\/p>\n<p>M\u00e1s oldalak is gy\u0171jtenek inform\u00e1ci\u00f3t pixel tageket haszn\u00e1lva, amelyeket meg lehet osztani harmadik f\u00e9llel. Ez k\u00f6zvetlen\u00fcl t\u00e1mogatja prom\u00f3ci\u00f3s tev\u00e9kenys\u00e9geinket \u00e9s weboldalfejleszt\u00e9s\u00fcnket. P\u00e9ld\u00e1ul l\u00e1togat\u00f3ink weboldal haszn\u00e1lati inform\u00e1ci\u00f3j\u00e1t meg lehet osztani rekl\u00e1m\u00fcgyn\u00f6ks\u00e9gekkel, hogy hat\u00e9konyabban tudjuk haszn\u00e1lni az online hirdet\u00e9seket a weboldalainkon. Mindamellett az inform\u00e1ci\u00f3 nem szem\u00e9lyesen azonos\u00edt\u00f3, hab\u00e1r k\u00f6thet\u0151 a szem\u00e9lyes adatokhoz.<\/p>\n<p>Az Adatkezel\u0151 a val\u00f3tlan, jogosulatlanul vagy t\u00e9vesen megadott adatok kezel\u00e9s\u00e9b\u0151l ered\u0151 k\u00e1rok\u00e9rt nem v\u00e1llal felel\u0151ss\u00e9get.<\/p>\n<p><strong>Adatkezel\u00e9s c\u00e9lja \u00e9s a szem\u00e9lyre szab\u00e1s:<\/strong><\/p>\n<p>Az Adatkezel\u0151 a szem\u00e9lyes adataidat szem\u00e9lyre szabott h\u00edrlev\u00e9l k\u00fcld\u00e9se \u00e9rdek\u00e9ben kezeli. \u00cdgy az Adatkezel\u0151 aj\u00e1nlatokr\u00f3l, szolg\u00e1ltat\u00e1sokr\u00f3l, akci\u00f3kr\u00f3l, prom\u00f3ci\u00f3kr\u00f3l, nyerem\u00e9nyj\u00e1t\u00e9kokr\u00f3l valamint egy\u00e9b hasznos tartalmakr\u00f3l, term\u00e9kismertet\u0151kr\u0151l, programokr\u00f3l rekl\u00e1m\u00fczenet form\u00e1j\u00e1ban k\u00fcld \u00e9rtes\u00edt\u00e9st. Annak \u00e9rdek\u00e9ben, hogy a sz\u00e1modra leg\u00e9rdekesebb tartalmakat, a hozz\u00e1d legjobban ill\u0151 aj\u00e1nlatokat k\u00fcldj\u00fcnk \u00e9s \u00edgy a lehet\u0151 legkevesebb feleslegesnek \u00edt\u00e9lt tartalommal zavarjunk t\u00f6reksz\u00fcnk h\u00edrleveleink szem\u00e9lyre szab\u00e1s\u00e1ra. Ez\u00e9rt a k\u00f6telez\u0151en vagy fakultat\u00edvan megadott szem\u00e9lyes adataid valamint \u2013 amennyiben a webshop regisztr\u00e1ci\u00f3 sor\u00e1n ehhez hozz\u00e1j\u00e1rult\u00e1l \u2013 a webshop l\u00e1togat\u00e1sa sor\u00e1n haszn\u00e1lt adataid fakultat\u00edv megad\u00e1s\u00e1val a sz\u00e1modra legoptim\u00e1lisabb h\u00edrleveleket \u00e1ll\u00edtjuk \u00f6ssze. \u00cdgy, amennyiben ezen adatokat a szem\u00e9lyre szabott h\u00edrlev\u00e9lk\u00fcld\u00e9s \u00e9rdek\u00e9ben \u00f6nk\u00e9nt megadtad, egyedi akci\u00f3kat, aj\u00e1nlatokat k\u00fcld\u00fcnk nemed, korod, c\u00e9ljaid kor\u00e1bban v\u00e1s\u00e1rolt term\u00e9keid vagy egy\u00e9b preferenci\u00e1id alapj\u00e1n. A vonatkoz\u00f3 adatkezel\u00e9s jelent\u0151s\u00e9ge \u00e9s annak k\u00f6vetkezm\u00e9nye egy szem\u00e9lyre szabott, \u00e9rdekes h\u00edrlev\u00e9l, mely a legm\u00e9lyebb t\u00e1j\u00e9koztat\u00e1st k\u00edv\u00e1nja adni sz\u00e1modra az akci\u00f3inkr\u00f3l, term\u00e9keinkr\u0151l, javaslatainkr\u00f3l.<\/p>\n<p><strong>Adatkezel\u00e9s id\u0151tartama:\u00a0<\/strong>Adatkezel\u0151 a fenti szem\u00e9lyes adataidat az adatkezel\u00e9s c\u00e9lj\u00e1nak fenn\u00e1ll\u00e1sa alatt kezeli. Amennyiben visszavonod a szem\u00e9lyes adatok kezel\u00e9s\u00e9hez adott hozz\u00e1j\u00e1rul\u00e1sodat, az Adatkezel\u0151 halad\u00e9ktalanul \u00e9s v\u00e9glegesen megsz\u00fcnteti adataid kezel\u00e9s\u00e9t.<\/p>\n<p>Az utols\u00f3 h\u00edrlev\u00e9l megnyit\u00e1st\u00f3l sz\u00e1m\u00edtott 2 \u00e9v eltelt\u00e9vel v\u00e9glegesen t\u00f6r\u00f6lj\u00fck a h\u00edrlev\u00e9l k\u00fcld\u00e9s \u00e9rdek\u00e9ben kezelt szem\u00e9lyes adataidat.<\/p>\n<p><strong>Adatfeldolgoz\u00f3k:\u00a0<\/strong>Az Adatkezel\u0151 szolg\u00e1ltat\u00e1sokat vesz ig\u00e9nybe a h\u00edrlev\u00e9lrendszer professzion\u00e1lis m\u0171k\u00f6dtet\u00e9s\u00e9hez.<\/p>\n<p>1. H\u00edrlev\u00e9lk\u00fcld\u0151 \u00e9s marketing automatiz\u00e1l\u00e1si rendszer:<\/p>\n<p><strong>SalesAutopilot Kft.<\/strong><\/p>\n<p>Szolg\u00e1ltat\u00e1s: MailMaster \/ SalesAutopilot<\/p>\n<p>Ad\u00f3sz\u00e1m: 25743500-2-41<\/p>\n<p>C\u00e9gjegyz\u00e9k sz\u00e1m: Cg. 01 09 286773<\/p>\n<p>Sz\u00e9khely: 1024 Budapest, Margit krt. 31-33. f\u00e9lemelet 4.<\/p>\n<p>Postac\u00edm: SalesAutopilot Kft. 1538 Budapest, Pf. 515.<\/p>\n<p>Tel: (+36) 1 490 0172<\/p>\n<p>Adatkezel\u00e9sek nyilv\u00e1ntart\u00e1si sz\u00e1mai: NAIH-62272\/2013, NAIH-62273\/2013, NAIH-62274\/2013, NAIH-62275\/2013, NAIH-62276\/2013, NAIH-62277\/2013<\/p>\n<p>T\u00e1rhely szolg\u00e1ltat\u00f3: Amazon Web Services, Inc.<\/p>\n<p>Szolg\u00e1ltat\u00f3 a Mailmaster r\u00e9sz\u00e9re szem\u00e9lyes adatokat (N\u00e9v, elektronikus levelez\u00e9si c\u00edm, telefonsz\u00e1m, \u00e9letkor, v\u00e1s\u00e1rolt t\u00e9telek neve \u00e9s \u00e1ra), illetve egy\u00e9b nem szem\u00e9lyes adatokat tov\u00e1bb\u00edt. Az adatokat szem\u00e9lyre szabott aj\u00e1nlatok k\u00f6zvet\u00edt\u00e9s\u00e9nek c\u00e9lj\u00e1b\u00f3l tov\u00e1bb\u00edtjuk.<\/p>\n<p>2. Az Adatkezel\u0151 szervereit megb\u00edzott c\u00e9g \u00fczemelteti \u00e9s felmer\u00fcl\u0151 probl\u00e9ma eset\u00e9n karbantartja.<\/p>\n<p><strong>Webshop Marketing Kft.<\/strong><\/p>\n<p>Sz\u00e9khely: 4028 Debrecen, Kassai \u00fat 129.<\/p>\n<p>C\u00e9gjegyz\u00e9ksz\u00e1m: 09-09-024017<\/p>\n<p>A bejegyz\u0151 b\u00edr\u00f3s\u00e1g megnevez\u00e9se: Hajd\u00fa Bihar megyei b\u00edr\u00f3s\u00e1g, mint c\u00e9gb\u00edr\u00f3s\u00e1g<\/p>\n<p>Ad\u00f3sz\u00e1m: 24201243-2-09<\/p>\n<p>E-mail: info@shoprenter.hu<\/p>\n<p>Szolg\u00e1ltat\u00f3 a web\u00e1ruh\u00e1z szolg\u00e1ltat\u00e1s ell\u00e1t\u00e1s\u00e1t adja. Szem\u00e9lyes adatit a szolg\u00e1ltat\u00f3 szerverein t\u00e1roljuk. (N\u00e9v, elektronikus levelez\u00e9si c\u00edm, telefonsz\u00e1m, \u00e9letkor, v\u00e1s\u00e1rolt t\u00e9telek neve \u00e9s \u00e1ra, rendel\u00e9s azonos\u00edt\u00f3)<\/p>\n<p><strong>Adattov\u00e1bb\u00edt\u00e1s:<\/strong>\u00a0Adatkezel\u0151 a h\u00edrlev\u00e9lre feliratkoz\u00f3k email c\u00edm\u00e9t tov\u00e1bb\u00edtja a Google, valamint a Facebook fel\u00e9 hirdet\u00e9si c\u00e9lb\u00f3l. Adattov\u00e1bb\u00edt\u00e1s az EU-n k\u00edv\u00fcl kiz\u00e1r\u00f3lag Kanad\u00e1ba \u00e9s az USA-ba t\u00f6rt\u00e9nik, melyek olyan tag\u00e1llamok, amelyekkel az Eur\u00f3pai Uni\u00f3 megfelel\u0151s\u00e9gi hat\u00e1rozattal rendelkezik. Az Adatkezel\u0151 nemzetk\u00f6zi szervezet sz\u00e1m\u00e1ra nem tov\u00e1bb\u00edt semmilyen adatot.<\/p>\n<p><strong>Adatkezel\u00e9s jogalapja<\/strong>: H\u00edrlev\u00e9lre t\u00f6rt\u00e9n\u0151 feliratkoz\u00e1s sor\u00e1n hozz\u00e1j\u00e1rulsz, hogy az Adatkezel\u0151 a szem\u00e9lyes adataidat a jelen T\u00e1j\u00e9koztat\u00f3ban \u00edrtak szerint kezelje. A szem\u00e9lyes adatok kezel\u00e9se a jelen t\u00e1j\u00e9koztat\u00e1s ismeret\u00e9ben adott \u00f6nk\u00e9ntes \u00e9s kifejezett hozz\u00e1j\u00e1rul\u00e1sodon alapul. Hozz\u00e1j\u00e1rul\u00e1sodat b\u00e1rmikor jogosult vagy visszavonni, azonban a visszavon\u00e1st megel\u0151z\u0151 adatkezel\u00e9s jogszer\u0171s\u00e9g\u00e9t az nem \u00e9rinti.<\/p>\n<p><strong>Adatkezel\u00e9s jogszer\u0171s\u00e9ge:<\/strong>\u00a0Adatkezel\u0151 az adatkezel\u00e9s jogszer\u0171s\u00e9g\u00e9nek al\u00e1t\u00e1maszt\u00e1s\u00e1r\u00f3l nyilv\u00e1ntart\u00e1st vezet, melyben r\u00f6gz\u00edti az adatkezel\u00e9s sor\u00e1n haszn\u00e1lt email c\u00edmekhez tartoz\u00f3 kifejezett \u00e9s \u00f6nk\u00e9ntes hozz\u00e1j\u00e1rul\u00e1s\u00e1nak megt\u00e9tel\u00e9nek id\u0151pontj\u00e1t, fel\u00fclet\u00e9t, IP c\u00edm\u00e9t. Adatkezel\u0151 a nyilv\u00e1ntart\u00e1sb\u00f3l az inakt\u00edv e-mail c\u00edmeket \u00e9s az azokhoz tartoz\u00f3 adatokat az utols\u00f3 h\u00edrlev\u00e9l megnyit\u00e1s\u00e1t\u00f3l sz\u00e1m\u00edtott 2 \u00e9v eltelt\u00e9vel t\u00f6rli.<\/p>\n<p><strong>T\u00e1j\u00e9koztat\u00e1s adatkezel\u00e9sr\u0151l:\u00a0<\/strong>Jogosult vagy t\u00e1j\u00e9koztat\u00e1st k\u00e9rni szem\u00e9lyes adataidr\u00f3l a felt\u00fcntetett kapcsolattart\u00e1si m\u00f3dok b\u00e1rmelyik\u00e9n. Ilyen ig\u00e9ny bejelent\u00e9se eset\u00e9n Adatkezel\u0151 t\u00e1j\u00e9koztat a r\u00f3lad kezelt szem\u00e9lyes adatokr\u00f3l. Jogosult vagy tov\u00e1bb\u00e1 arra is, hogy a kezelt adatok kijav\u00edt\u00e1s\u00e1t k\u00e9rd, valamint arra, hogy a r\u00f3lad h\u00edrlev\u00e9lk\u00fcld\u00e9ssel kapcsolatban kezelt szem\u00e9lyes adataidat hordozhat\u00f3 form\u00e1ban elk\u00e9rd az Adatkezel\u0151t\u0151l.<\/p>\n<p><strong>Adatkezel\u00e9s megsz\u00fcntet\u00e9se:\u00a0<\/strong>A h\u00edrlevelekr\u0151l a levelek alj\u00e1n tal\u00e1lhat\u00f3 \u201eLeiratkoz\u00e1s\u201d hivatkoz\u00e1sra kattintva tudsz leiratkozni. A levelek alj\u00e1n tal\u00e1lhat\u00f3 \u201eProfilom\u201d fel\u00fcleten m\u00f3dos\u00edthatod szem\u00e9lyes adataidat, m\u00e9g t\u00f6bb inform\u00e1ci\u00f3t oszthatsz meg a szem\u00e9lyesebb tartalom \u00e9rdek\u00e9ben, tov\u00e1bb\u00e1 a \u201eLeiratkoz\u00e1s\u201d gombra kattintva le tudsz iratkozni a h\u00edrlev\u00e9lr\u0151l. .<\/p>\n<p>Emellett \u00edr\u00e1sban az Adatkezel\u0151 fent megjel\u00f6lt kapcsolattart\u00e1si email c\u00edm\u00e9n, faxon vagy postai \u00faton valamint a megadott telefonsz\u00e1mon jegyz\u0151k\u00f6nyvben r\u00f6gz\u00edtett bejelent\u00e9ssel k\u00e9rheted az adatkezel\u00e9s megsz\u00fcntet\u00e9s\u00e9t, vagy tiltakozhatsz a szem\u00e9lyes adataid kezel\u00e9se ellen. Ebben az esetben Adatkezel\u0151 minden \u00e9sszer\u0171 l\u00e9p\u00e9st megtesz annak \u00e9rdek\u00e9ben, hogy a tov\u00e1bbi adatfeldolgoz\u00f3kat t\u00e1j\u00e9koztassa az adatkezel\u00e9s megsz\u0171ntet\u00e9s\u00e9re ir\u00e1nyul\u00f3 k\u00e9r\u00e9sedr\u0151l.<\/p>\n<p><strong>Fel\u00fcgyeleti szerv:<\/strong><\/p>\n<p>Amennyiben nem vagy el\u00e9gedett adatkezel\u00e9s\u00fcnkkel, az al\u00e1bbi hat\u00f3s\u00e1gn\u00e1l \u00e9lhetsz panasszal:<\/p>\n<p>N\u00e9v: Nemzeti Adatv\u00e9delmi \u00e9s Inform\u00e1ci\u00f3szabads\u00e1g Hat\u00f3s\u00e1g<br \/>Sz\u00e9khely: 1125 Budapest, Szil\u00e1gyi Erzs\u00e9bet fasor 22\/C.<br \/>Levelez\u00e9si c\u00edm: 1530 Budapest, Pf.: 5.<br \/>Telefon: 06.1.391.1400<br \/>Fax: 06.1.391.1410<br \/>E-mail: ugyfelszolgalat@naih.hu<br \/>Honlap:\u00a0<a href=\"http:\/\/www.naih.hu\/\" target=\"_blank\" rel=\"noopener\">http:\/\/www.naih.hu\u00a0<\/a><\/p>\n<p><strong>Adatkezel\u0151 el\u00e9rhet\u0151s\u00e9gei:<\/strong><\/p>\n<p>Amennyiben k\u00e9rd\u00e9sed vagy \u00e9szrev\u00e9teled van a h\u00edrlev\u00e9l k\u00fcld\u00e9s\u00e9vel kapcsolatban, k\u00e9rj\u00fck, fordulj vev\u0151szolg\u00e1latunkhoz, ahol munkat\u00e1rsaink k\u00e9szs\u00e9ggel seg\u00edtenek:<\/p>\n<p>E-mail: info@fotokft.hu Telefon: +36-30-575-7998, Levelez\u00e9si c\u00edm: \u00a06500 Baja Neumann J\u00e1nos u. 6.<\/p>\n<p>Az adatkezel\u00e9s\u00fcnkr\u0151l r\u00e9szletesebb inform\u00e1ci\u00f3kat honlapunk ADATV\u00c9DELEM aloldal\u00e1n tal\u00e1lsz.<\/p>\n<p>Hat\u00e1lyos: 2018. m\u00e1jus 25. napj\u00e1t\u00f3l<\/p>\n\t\t\t\t\t\t\t\t<\/div>\n\t\t\t\t<\/div>\n\t\t\t\t\t<\/div>\n\t\t<\/div>\n\t\t\t\t\t<\/div>\n\t\t<\/section>\n\t\t\t\t<\/div>\n\t\t","protected":false},"excerpt":{"rendered":"<p>Adatv\u00e9delmi \u00e9s adatkezel\u00e9si t\u00e1j\u00e9koztat\u00f3 Hat\u00e1lyos: 2018.05.25. napj\u00e1t\u00f3l Bevezet\u00e9s A\u00a0FOTO Rekl\u00e1m\u00fcgyn\u00f6ks\u00e9g&hellip;<\/p>\n<p> <a class=\"more-link\" href=\"https:\/\/fotovision.eu\/en\/adatvedelmi-iranyelvek\/\">Read more<\/a><\/p>","protected":false},"author":1,"featured_media":0,"parent":0,"menu_order":0,"comment_status":"closed","ping_status":"closed","template":"","meta":{"footnotes":""},"class_list":["post-11856","page","type-page","status-publish"],"_links":{"self":[{"href":"https:\/\/fotovision.eu\/en\/wp-json\/wp\/v2\/pages\/11856","targetHints":{"allow":["GET"]}}],"collection":[{"href":"https:\/\/fotovision.eu\/en\/wp-json\/wp\/v2\/pages"}],"about":[{"href":"https:\/\/fotovision.eu\/en\/wp-json\/wp\/v2\/types\/page"}],"author":[{"embeddable":true,"href":"https:\/\/fotovision.eu\/en\/wp-json\/wp\/v2\/users\/1"}],"replies":[{"embeddable":true,"href":"https:\/\/fotovision.eu\/en\/wp-json\/wp\/v2\/comments?post=11856"}],"version-history":[{"count":5,"href":"https:\/\/fotovision.eu\/en\/wp-json\/wp\/v2\/pages\/11856\/revisions"}],"predecessor-version":[{"id":12015,"href":"https:\/\/fotovision.eu\/en\/wp-json\/wp\/v2\/pages\/11856\/revisions\/12015"}],"wp:attachment":[{"href":"https:\/\/fotovision.eu\/en\/wp-json\/wp\/v2\/media?parent=11856"}],"curies":[{"name":"wp","href":"https:\/\/api.w.org\/{rel}","templated":true}]}}